{"id":621,"date":"2010-12-30T19:53:16","date_gmt":"2010-12-30T19:53:16","guid":{"rendered":"http:\/\/www.achtung-frisch-gestrichen.org\/?page_id=621"},"modified":"2017-05-20T21:13:01","modified_gmt":"2017-05-20T21:13:01","slug":"blumchen","status":"publish","type":"page","link":"http:\/\/www.achtung-frisch-gestrichen.de\/?page_id=621","title":{"rendered":"Bl\u00fcmchen"},"content":{"rendered":"<p>\r\n\t<ul id=\"slideshow621\" class=\"slideshow621\" style=\"display:none;\">\r\n\t\t\t\t\t<!-- From a WordPress post\/page -->\r\n\t\t\t\t\t\t\t\t\t\t\t<li>\r\n\t\t\t\t\t\t\t\t\t\t\t<h3 style=\"opacity:70;\">Bluehmchen_0<\/h3>\r\n\t\t\t\t\t\t\t\t\t\t\t\t\t\t\t\t\t\t\t\t\r\n\t\t\t\t\t\t\t\t\t\t\t<span data-alt=\"bluehmchen0\">http:\/\/www.achtung-frisch-gestrichen.de\/wp-content\/uploads\/Bluehmchen_0.jpg<\/span>\r\n\t\t\t\t\t\t\t\t\t\t<p>Kunstprojekt an der Turnhalle Freiburg-Haslach mit den Sch\u00fcler der Pestalozzischulen im Jahr 2009. Vorwort 1.Vorwort Als ich noch in der Klasse 5a war, haben meine Klassenkameradinnen und ich am Malprojekt teilgenommen. Das war toll, aber schade, dass es jetzt vorbei ist =(. Lene Gimbel, Klasse 6a 2.Vorwort Auch ich habe an dem Projekt teilgenommen. Das [&hellip;]<\/p>\r\n\t\t\t\t\t\t\t\t\t\t<a href=\"http:\/\/www.achtung-frisch-gestrichen.de\/wp-content\/uploads\/Bluehmchen_0.jpg\" id=\"621imglink628\" class=\"colorboxslideshow621\" data-rel=\"slideshowgroup621\" title=\"Bluehmchen_0\">\r\n\t\t\t\t\t\t\t\t\t\t\t\t\t<img class=\"skip-lazy\" src=\"http:\/\/www.achtung-frisch-gestrichen.de\/wp-content\/uploads\/Bluehmchen_0-100x75.jpg\" alt=\"bluehmchen0\" \/>\r\n\t\t\t\t\t\t\t\t\t\t\t<\/a>\r\n\t\t\t\t<\/li>\r\n\t\t\t\t\t\t\t\t\t\t\t\t\t\t\t<li>\r\n\t\t\t\t\t\t\t\t\t\t\t<h3 style=\"opacity:70;\">Bluehmchen_1<\/h3>\r\n\t\t\t\t\t\t\t\t\t\t\t\t\t\t\t\t\t\t\t\t\r\n\t\t\t\t\t\t\t\t\t\t\t<span data-alt=\"bluehmchen1\">http:\/\/www.achtung-frisch-gestrichen.de\/wp-content\/uploads\/Bluehmchen_1.jpg<\/span>\r\n\t\t\t\t\t\t\t\t\t\t<p>Kunstprojekt an der Turnhalle Freiburg-Haslach mit den Sch\u00fcler der Pestalozzischulen im Jahr 2009. Vorwort 1.Vorwort Als ich noch in der Klasse 5a war, haben meine Klassenkameradinnen und ich am Malprojekt teilgenommen. Das war toll, aber schade, dass es jetzt vorbei ist =(. Lene Gimbel, Klasse 6a 2.Vorwort Auch ich habe an dem Projekt teilgenommen. Das [&hellip;]<\/p>\r\n\t\t\t\t\t\t\t\t\t\t<a href=\"http:\/\/www.achtung-frisch-gestrichen.de\/wp-content\/uploads\/Bluehmchen_1.jpg\" id=\"621imglink629\" class=\"colorboxslideshow621\" data-rel=\"slideshowgroup621\" title=\"Bluehmchen_1\">\r\n\t\t\t\t\t\t\t\t\t\t\t\t\t<img class=\"skip-lazy\" src=\"http:\/\/www.achtung-frisch-gestrichen.de\/wp-content\/uploads\/Bluehmchen_1-100x75.jpg\" alt=\"bluehmchen1\" \/>\r\n\t\t\t\t\t\t\t\t\t\t\t<\/a>\r\n\t\t\t\t<\/li>\r\n\t\t\t\t\t\t\t\t\t\t\t\t\t\t\t<li>\r\n\t\t\t\t\t\t\t\t\t\t\t<h3 style=\"opacity:70;\">Bluehmchen_2<\/h3>\r\n\t\t\t\t\t\t\t\t\t\t\t\t\t\t\t\t\t\t\t\t\r\n\t\t\t\t\t\t\t\t\t\t\t<span data-alt=\"bluehmchen2\">http:\/\/www.achtung-frisch-gestrichen.de\/wp-content\/uploads\/Bluehmchen_2.jpg<\/span>\r\n\t\t\t\t\t\t\t\t\t\t<p>Kunstprojekt an der Turnhalle Freiburg-Haslach mit den Sch\u00fcler der Pestalozzischulen im Jahr 2009. Vorwort 1.Vorwort Als ich noch in der Klasse 5a war, haben meine Klassenkameradinnen und ich am Malprojekt teilgenommen. Das war toll, aber schade, dass es jetzt vorbei ist =(. Lene Gimbel, Klasse 6a 2.Vorwort Auch ich habe an dem Projekt teilgenommen. Das [&hellip;]<\/p>\r\n\t\t\t\t\t\t\t\t\t\t<a href=\"http:\/\/www.achtung-frisch-gestrichen.de\/wp-content\/uploads\/Bluehmchen_2.jpg\" id=\"621imglink630\" class=\"colorboxslideshow621\" data-rel=\"slideshowgroup621\" title=\"Bluehmchen_2\">\r\n\t\t\t\t\t\t\t\t\t\t\t\t\t<img class=\"skip-lazy\" src=\"http:\/\/www.achtung-frisch-gestrichen.de\/wp-content\/uploads\/Bluehmchen_2-100x75.jpg\" alt=\"bluehmchen2\" \/>\r\n\t\t\t\t\t\t\t\t\t\t\t<\/a>\r\n\t\t\t\t<\/li>\r\n\t\t\t\t\t\t\t\t\t\t\t\t\t\t\t<li>\r\n\t\t\t\t\t\t\t\t\t\t\t<h3 style=\"opacity:70;\">Bluehmchen_3<\/h3>\r\n\t\t\t\t\t\t\t\t\t\t\t\t\t\t\t\t\t\t\t\t\r\n\t\t\t\t\t\t\t\t\t\t\t<span data-alt=\"bluehmchen3\">http:\/\/www.achtung-frisch-gestrichen.de\/wp-content\/uploads\/Bluehmchen_3.jpg<\/span>\r\n\t\t\t\t\t\t\t\t\t\t<p>Kunstprojekt an der Turnhalle Freiburg-Haslach mit den Sch\u00fcler der Pestalozzischulen im Jahr 2009. Vorwort 1.Vorwort Als ich noch in der Klasse 5a war, haben meine Klassenkameradinnen und ich am Malprojekt teilgenommen. Das war toll, aber schade, dass es jetzt vorbei ist =(. Lene Gimbel, Klasse 6a 2.Vorwort Auch ich habe an dem Projekt teilgenommen. Das [&hellip;]<\/p>\r\n\t\t\t\t\t\t\t\t\t\t<a href=\"http:\/\/www.achtung-frisch-gestrichen.de\/wp-content\/uploads\/Bluehmchen_3.jpg\" id=\"621imglink631\" class=\"colorboxslideshow621\" data-rel=\"slideshowgroup621\" title=\"Bluehmchen_3\">\r\n\t\t\t\t\t\t\t\t\t\t\t\t\t<img class=\"skip-lazy\" src=\"http:\/\/www.achtung-frisch-gestrichen.de\/wp-content\/uploads\/Bluehmchen_3-100x75.jpg\" alt=\"bluehmchen3\" \/>\r\n\t\t\t\t\t\t\t\t\t\t\t<\/a>\r\n\t\t\t\t<\/li>\r\n\t\t\t\t\t\t\t\t\t\t\t\t\t\t\t<li>\r\n\t\t\t\t\t\t\t\t\t\t\t<h3 style=\"opacity:70;\">Bluehmchen_4<\/h3>\r\n\t\t\t\t\t\t\t\t\t\t\t\t\t\t\t\t\t\t\t\t\r\n\t\t\t\t\t\t\t\t\t\t\t<span data-alt=\"bluehmchen4\">http:\/\/www.achtung-frisch-gestrichen.de\/wp-content\/uploads\/Bluehmchen_4.jpg<\/span>\r\n\t\t\t\t\t\t\t\t\t\t<p>Kunstprojekt an der Turnhalle Freiburg-Haslach mit den Sch\u00fcler der Pestalozzischulen im Jahr 2009. Vorwort 1.Vorwort Als ich noch in der Klasse 5a war, haben meine Klassenkameradinnen und ich am Malprojekt teilgenommen. Das war toll, aber schade, dass es jetzt vorbei ist =(. Lene Gimbel, Klasse 6a 2.Vorwort Auch ich habe an dem Projekt teilgenommen. Das [&hellip;]<\/p>\r\n\t\t\t\t\t\t\t\t\t\t<a href=\"http:\/\/www.achtung-frisch-gestrichen.de\/wp-content\/uploads\/Bluehmchen_4.jpg\" id=\"621imglink632\" class=\"colorboxslideshow621\" data-rel=\"slideshowgroup621\" title=\"Bluehmchen_4\">\r\n\t\t\t\t\t\t\t\t\t\t\t\t\t<img class=\"skip-lazy\" src=\"http:\/\/www.achtung-frisch-gestrichen.de\/wp-content\/uploads\/Bluehmchen_4-100x75.jpg\" alt=\"bluehmchen4\" \/>\r\n\t\t\t\t\t\t\t\t\t\t\t<\/a>\r\n\t\t\t\t<\/li>\r\n\t\t\t\t\t\t\t\t\t\t\t\t\t\t\t<li>\r\n\t\t\t\t\t\t\t\t\t\t\t<h3 style=\"opacity:70;\">Bluehmchen_6<\/h3>\r\n\t\t\t\t\t\t\t\t\t\t\t\t\t\t\t\t\t\t\t\t\r\n\t\t\t\t\t\t\t\t\t\t\t<span data-alt=\"bluehmchen6\">http:\/\/www.achtung-frisch-gestrichen.de\/wp-content\/uploads\/Bluehmchen_6.jpg<\/span>\r\n\t\t\t\t\t\t\t\t\t\t<p>Kunstprojekt an der Turnhalle Freiburg-Haslach mit den Sch\u00fcler der Pestalozzischulen im Jahr 2009. Vorwort 1.Vorwort Als ich noch in der Klasse 5a war, haben meine Klassenkameradinnen und ich am Malprojekt teilgenommen. Das war toll, aber schade, dass es jetzt vorbei ist =(. Lene Gimbel, Klasse 6a 2.Vorwort Auch ich habe an dem Projekt teilgenommen. Das [&hellip;]<\/p>\r\n\t\t\t\t\t\t\t\t\t\t<a href=\"http:\/\/www.achtung-frisch-gestrichen.de\/wp-content\/uploads\/Bluehmchen_6.jpg\" id=\"621imglink634\" class=\"colorboxslideshow621\" data-rel=\"slideshowgroup621\" title=\"Bluehmchen_6\">\r\n\t\t\t\t\t\t\t\t\t\t\t\t\t<img class=\"skip-lazy\" src=\"http:\/\/www.achtung-frisch-gestrichen.de\/wp-content\/uploads\/Bluehmchen_6-100x75.jpg\" alt=\"bluehmchen6\" \/>\r\n\t\t\t\t\t\t\t\t\t\t\t<\/a>\r\n\t\t\t\t<\/li>\r\n\t\t\t\t\t\t\t\t\t\t\t\t\t\t\t<li>\r\n\t\t\t\t\t\t\t\t\t\t\t<h3 style=\"opacity:70;\">Bluehmchen_7<\/h3>\r\n\t\t\t\t\t\t\t\t\t\t\t\t\t\t\t\t\t\t\t\t\r\n\t\t\t\t\t\t\t\t\t\t\t<span data-alt=\"bluehmchen7\">http:\/\/www.achtung-frisch-gestrichen.de\/wp-content\/uploads\/Bluehmchen_7.jpg<\/span>\r\n\t\t\t\t\t\t\t\t\t\t<p>Kunstprojekt an der Turnhalle Freiburg-Haslach mit den Sch\u00fcler der Pestalozzischulen im Jahr 2009. Vorwort 1.Vorwort Als ich noch in der Klasse 5a war, haben meine Klassenkameradinnen und ich am Malprojekt teilgenommen. Das war toll, aber schade, dass es jetzt vorbei ist =(. Lene Gimbel, Klasse 6a 2.Vorwort Auch ich habe an dem Projekt teilgenommen. Das [&hellip;]<\/p>\r\n\t\t\t\t\t\t\t\t\t\t<a href=\"http:\/\/www.achtung-frisch-gestrichen.de\/wp-content\/uploads\/Bluehmchen_7.jpg\" id=\"621imglink635\" class=\"colorboxslideshow621\" data-rel=\"slideshowgroup621\" title=\"Bluehmchen_7\">\r\n\t\t\t\t\t\t\t\t\t\t\t\t\t<img class=\"skip-lazy\" src=\"http:\/\/www.achtung-frisch-gestrichen.de\/wp-content\/uploads\/Bluehmchen_7-100x75.jpg\" alt=\"bluehmchen7\" \/>\r\n\t\t\t\t\t\t\t\t\t\t\t<\/a>\r\n\t\t\t\t<\/li>\r\n\t\t\t\t\t\t\t\t\t\t\t\t\t\t\t<li>\r\n\t\t\t\t\t\t\t\t\t\t\t<h3 style=\"opacity:70;\">Bluehmchen_10<\/h3>\r\n\t\t\t\t\t\t\t\t\t\t\t\t\t\t\t\t\t\t\t\t\r\n\t\t\t\t\t\t\t\t\t\t\t<span data-alt=\"bluehmchen10\">http:\/\/www.achtung-frisch-gestrichen.de\/wp-content\/uploads\/Bluehmchen_10.jpg<\/span>\r\n\t\t\t\t\t\t\t\t\t\t<p>Kunstprojekt an der Turnhalle Freiburg-Haslach mit den Sch\u00fcler der Pestalozzischulen im Jahr 2009. Vorwort 1.Vorwort Als ich noch in der Klasse 5a war, haben meine Klassenkameradinnen und ich am Malprojekt teilgenommen. Das war toll, aber schade, dass es jetzt vorbei ist =(. Lene Gimbel, Klasse 6a 2.Vorwort Auch ich habe an dem Projekt teilgenommen. Das [&hellip;]<\/p>\r\n\t\t\t\t\t\t\t\t\t\t<a href=\"http:\/\/www.achtung-frisch-gestrichen.de\/wp-content\/uploads\/Bluehmchen_10.jpg\" id=\"621imglink638\" class=\"colorboxslideshow621\" data-rel=\"slideshowgroup621\" title=\"Bluehmchen_10\">\r\n\t\t\t\t\t\t\t\t\t\t\t\t\t<img class=\"skip-lazy\" src=\"http:\/\/www.achtung-frisch-gestrichen.de\/wp-content\/uploads\/Bluehmchen_10-100x75.jpg\" alt=\"bluehmchen10\" \/>\r\n\t\t\t\t\t\t\t\t\t\t\t<\/a>\r\n\t\t\t\t<\/li>\r\n\t\t\t\t\t\t\t\t\t\t\t\t\t\t\t<li>\r\n\t\t\t\t\t\t\t\t\t\t\t<h3 style=\"opacity:70;\">Bluehmchen_12<\/h3>\r\n\t\t\t\t\t\t\t\t\t\t\t\t\t\t\t\t\t\t\t\t\r\n\t\t\t\t\t\t\t\t\t\t\t<span data-alt=\"bluehmchen12\">http:\/\/www.achtung-frisch-gestrichen.de\/wp-content\/uploads\/Bluehmchen_12.jpg<\/span>\r\n\t\t\t\t\t\t\t\t\t\t<p>Kunstprojekt an der Turnhalle Freiburg-Haslach mit den Sch\u00fcler der Pestalozzischulen im Jahr 2009. Vorwort 1.Vorwort Als ich noch in der Klasse 5a war, haben meine Klassenkameradinnen und ich am Malprojekt teilgenommen. Das war toll, aber schade, dass es jetzt vorbei ist =(. Lene Gimbel, Klasse 6a 2.Vorwort Auch ich habe an dem Projekt teilgenommen. Das [&hellip;]<\/p>\r\n\t\t\t\t\t\t\t\t\t\t<a href=\"http:\/\/www.achtung-frisch-gestrichen.de\/wp-content\/uploads\/Bluehmchen_12.jpg\" id=\"621imglink640\" class=\"colorboxslideshow621\" data-rel=\"slideshowgroup621\" title=\"Bluehmchen_12\">\r\n\t\t\t\t\t\t\t\t\t\t\t\t\t<img class=\"skip-lazy\" src=\"http:\/\/www.achtung-frisch-gestrichen.de\/wp-content\/uploads\/Bluehmchen_12-100x75.jpg\" alt=\"bluehmchen12\" \/>\r\n\t\t\t\t\t\t\t\t\t\t\t<\/a>\r\n\t\t\t\t<\/li>\r\n\t\t\t\t\t\t\t\t\t\t\t\t\t\t\t<li>\r\n\t\t\t\t\t\t\t\t\t\t\t<h3 style=\"opacity:70;\">Bluehmchen_13<\/h3>\r\n\t\t\t\t\t\t\t\t\t\t\t\t\t\t\t\t\t\t\t\t\r\n\t\t\t\t\t\t\t\t\t\t\t<span data-alt=\"bluehmchen13\">http:\/\/www.achtung-frisch-gestrichen.de\/wp-content\/uploads\/Bluehmchen_13.jpg<\/span>\r\n\t\t\t\t\t\t\t\t\t\t<p>Kunstprojekt an der Turnhalle Freiburg-Haslach mit den Sch\u00fcler der Pestalozzischulen im Jahr 2009. Vorwort 1.Vorwort Als ich noch in der Klasse 5a war, haben meine Klassenkameradinnen und ich am Malprojekt teilgenommen. Das war toll, aber schade, dass es jetzt vorbei ist =(. Lene Gimbel, Klasse 6a 2.Vorwort Auch ich habe an dem Projekt teilgenommen. Das [&hellip;]<\/p>\r\n\t\t\t\t\t\t\t\t\t\t<a href=\"http:\/\/www.achtung-frisch-gestrichen.de\/wp-content\/uploads\/Bluehmchen_13.jpg\" id=\"621imglink641\" class=\"colorboxslideshow621\" data-rel=\"slideshowgroup621\" title=\"Bluehmchen_13\">\r\n\t\t\t\t\t\t\t\t\t\t\t\t\t<img class=\"skip-lazy\" src=\"http:\/\/www.achtung-frisch-gestrichen.de\/wp-content\/uploads\/Bluehmchen_13-100x75.jpg\" alt=\"bluehmchen13\" \/>\r\n\t\t\t\t\t\t\t\t\t\t\t<\/a>\r\n\t\t\t\t<\/li>\r\n\t\t\t\t\t\t\t\t\t\t\t\t\t\t\t<li>\r\n\t\t\t\t\t\t\t\t\t\t\t<h3 style=\"opacity:70;\">Bluehmchen_17<\/h3>\r\n\t\t\t\t\t\t\t\t\t\t\t\t\t\t\t\t\t\t\t\t\r\n\t\t\t\t\t\t\t\t\t\t\t<span data-alt=\"bluehmchen17\">http:\/\/www.achtung-frisch-gestrichen.de\/wp-content\/uploads\/Bluehmchen_17.jpg<\/span>\r\n\t\t\t\t\t\t\t\t\t\t<p>Kunstprojekt an der Turnhalle Freiburg-Haslach mit den Sch\u00fcler der Pestalozzischulen im Jahr 2009. Vorwort 1.Vorwort Als ich noch in der Klasse 5a war, haben meine Klassenkameradinnen und ich am Malprojekt teilgenommen. Das war toll, aber schade, dass es jetzt vorbei ist =(. Lene Gimbel, Klasse 6a 2.Vorwort Auch ich habe an dem Projekt teilgenommen. Das [&hellip;]<\/p>\r\n\t\t\t\t\t\t\t\t\t\t<a href=\"http:\/\/www.achtung-frisch-gestrichen.de\/wp-content\/uploads\/Bluehmchen_17.jpg\" id=\"621imglink645\" class=\"colorboxslideshow621\" data-rel=\"slideshowgroup621\" title=\"Bluehmchen_17\">\r\n\t\t\t\t\t\t\t\t\t\t\t\t\t<img class=\"skip-lazy\" src=\"http:\/\/www.achtung-frisch-gestrichen.de\/wp-content\/uploads\/Bluehmchen_17-100x75.jpg\" alt=\"bluehmchen17\" \/>\r\n\t\t\t\t\t\t\t\t\t\t\t<\/a>\r\n\t\t\t\t<\/li>\r\n\t\t\t\t\t\t\t\t\t\t\t\t\t\t\t<li>\r\n\t\t\t\t\t\t\t\t\t\t\t<h3 style=\"opacity:70;\">Bluehmchen_19<\/h3>\r\n\t\t\t\t\t\t\t\t\t\t\t\t\t\t\t\t\t\t\t\t\r\n\t\t\t\t\t\t\t\t\t\t\t<span data-alt=\"bluehmchen19\">http:\/\/www.achtung-frisch-gestrichen.de\/wp-content\/uploads\/Bluehmchen_19.jpg<\/span>\r\n\t\t\t\t\t\t\t\t\t\t<p>Kunstprojekt an der Turnhalle Freiburg-Haslach mit den Sch\u00fcler der Pestalozzischulen im Jahr 2009. Vorwort 1.Vorwort Als ich noch in der Klasse 5a war, haben meine Klassenkameradinnen und ich am Malprojekt teilgenommen. Das war toll, aber schade, dass es jetzt vorbei ist =(. Lene Gimbel, Klasse 6a 2.Vorwort Auch ich habe an dem Projekt teilgenommen. Das [&hellip;]<\/p>\r\n\t\t\t\t\t\t\t\t\t\t<a href=\"http:\/\/www.achtung-frisch-gestrichen.de\/wp-content\/uploads\/Bluehmchen_19.jpg\" id=\"621imglink647\" class=\"colorboxslideshow621\" data-rel=\"slideshowgroup621\" title=\"Bluehmchen_19\">\r\n\t\t\t\t\t\t\t\t\t\t\t\t\t<img class=\"skip-lazy\" src=\"http:\/\/www.achtung-frisch-gestrichen.de\/wp-content\/uploads\/Bluehmchen_19-100x75.jpg\" alt=\"bluehmchen19\" \/>\r\n\t\t\t\t\t\t\t\t\t\t\t<\/a>\r\n\t\t\t\t<\/li>\r\n\t\t\t\t\t\t\t\t\t\t\t\t\t\t\t<li>\r\n\t\t\t\t\t\t\t\t\t\t\t<h3 style=\"opacity:70;\">Bluehmchen_20<\/h3>\r\n\t\t\t\t\t\t\t\t\t\t\t\t\t\t\t\t\t\t\t\t\r\n\t\t\t\t\t\t\t\t\t\t\t<span data-alt=\"bluehmchen20\">http:\/\/www.achtung-frisch-gestrichen.de\/wp-content\/uploads\/Bluehmchen_20.jpg<\/span>\r\n\t\t\t\t\t\t\t\t\t\t<p>Kunstprojekt an der Turnhalle Freiburg-Haslach mit den Sch\u00fcler der Pestalozzischulen im Jahr 2009. Vorwort 1.Vorwort Als ich noch in der Klasse 5a war, haben meine Klassenkameradinnen und ich am Malprojekt teilgenommen. Das war toll, aber schade, dass es jetzt vorbei ist =(. Lene Gimbel, Klasse 6a 2.Vorwort Auch ich habe an dem Projekt teilgenommen. Das [&hellip;]<\/p>\r\n\t\t\t\t\t\t\t\t\t\t<a href=\"http:\/\/www.achtung-frisch-gestrichen.de\/wp-content\/uploads\/Bluehmchen_20.jpg\" id=\"621imglink648\" class=\"colorboxslideshow621\" data-rel=\"slideshowgroup621\" title=\"Bluehmchen_20\">\r\n\t\t\t\t\t\t\t\t\t\t\t\t\t<img class=\"skip-lazy\" src=\"http:\/\/www.achtung-frisch-gestrichen.de\/wp-content\/uploads\/Bluehmchen_20-100x75.jpg\" alt=\"bluehmchen20\" \/>\r\n\t\t\t\t\t\t\t\t\t\t\t<\/a>\r\n\t\t\t\t<\/li>\r\n\t\t\t\t\t\t\t\t\t\t\t\t\t\t\t<li>\r\n\t\t\t\t\t\t\t\t\t\t\t<h3 style=\"opacity:70;\">Bluehmchen_21<\/h3>\r\n\t\t\t\t\t\t\t\t\t\t\t\t\t\t\t\t\t\t\t\t\r\n\t\t\t\t\t\t\t\t\t\t\t<span data-alt=\"bluehmchen21\">http:\/\/www.achtung-frisch-gestrichen.de\/wp-content\/uploads\/Bluehmchen_21.jpg<\/span>\r\n\t\t\t\t\t\t\t\t\t\t<p>Kunstprojekt an der Turnhalle Freiburg-Haslach mit den Sch\u00fcler der Pestalozzischulen im Jahr 2009. Vorwort 1.Vorwort Als ich noch in der Klasse 5a war, haben meine Klassenkameradinnen und ich am Malprojekt teilgenommen. Das war toll, aber schade, dass es jetzt vorbei ist =(. Lene Gimbel, Klasse 6a 2.Vorwort Auch ich habe an dem Projekt teilgenommen. Das [&hellip;]<\/p>\r\n\t\t\t\t\t\t\t\t\t\t<a href=\"http:\/\/www.achtung-frisch-gestrichen.de\/wp-content\/uploads\/Bluehmchen_21.jpg\" id=\"621imglink649\" class=\"colorboxslideshow621\" data-rel=\"slideshowgroup621\" title=\"Bluehmchen_21\">\r\n\t\t\t\t\t\t\t\t\t\t\t\t\t<img class=\"skip-lazy\" src=\"http:\/\/www.achtung-frisch-gestrichen.de\/wp-content\/uploads\/Bluehmchen_21-100x75.jpg\" alt=\"bluehmchen21\" \/>\r\n\t\t\t\t\t\t\t\t\t\t\t<\/a>\r\n\t\t\t\t<\/li>\r\n\t\t\t\t\t\t\t\t\t\t\t\t\t\t\t<li>\r\n\t\t\t\t\t\t\t\t\t\t\t<h3 style=\"opacity:70;\">Bluehmchen_22<\/h3>\r\n\t\t\t\t\t\t\t\t\t\t\t\t\t\t\t\t\t\t\t\t\r\n\t\t\t\t\t\t\t\t\t\t\t<span data-alt=\"bluehmchen22\">http:\/\/www.achtung-frisch-gestrichen.de\/wp-content\/uploads\/Bluehmchen_22.jpg<\/span>\r\n\t\t\t\t\t\t\t\t\t\t<p>Kunstprojekt an der Turnhalle Freiburg-Haslach mit den Sch\u00fcler der Pestalozzischulen im Jahr 2009. Vorwort 1.Vorwort Als ich noch in der Klasse 5a war, haben meine Klassenkameradinnen und ich am Malprojekt teilgenommen. Das war toll, aber schade, dass es jetzt vorbei ist =(. Lene Gimbel, Klasse 6a 2.Vorwort Auch ich habe an dem Projekt teilgenommen. Das [&hellip;]<\/p>\r\n\t\t\t\t\t\t\t\t\t\t<a href=\"http:\/\/www.achtung-frisch-gestrichen.de\/wp-content\/uploads\/Bluehmchen_22.jpg\" id=\"621imglink650\" class=\"colorboxslideshow621\" data-rel=\"slideshowgroup621\" title=\"Bluehmchen_22\">\r\n\t\t\t\t\t\t\t\t\t\t\t\t\t<img class=\"skip-lazy\" src=\"http:\/\/www.achtung-frisch-gestrichen.de\/wp-content\/uploads\/Bluehmchen_22-100x75.jpg\" alt=\"bluehmchen22\" \/>\r\n\t\t\t\t\t\t\t\t\t\t\t<\/a>\r\n\t\t\t\t<\/li>\r\n\t\t\t\t\t\t\t\t\t\t\t\t\t\t\t<li>\r\n\t\t\t\t\t\t\t\t\t\t\t<h3 style=\"opacity:70;\">Bluehmchen_23<\/h3>\r\n\t\t\t\t\t\t\t\t\t\t\t\t\t\t\t\t\t\t\t\t\r\n\t\t\t\t\t\t\t\t\t\t\t<span data-alt=\"bluehmchen23\">http:\/\/www.achtung-frisch-gestrichen.de\/wp-content\/uploads\/Bluehmchen_23.jpg<\/span>\r\n\t\t\t\t\t\t\t\t\t\t<p>Kunstprojekt an der Turnhalle Freiburg-Haslach mit den Sch\u00fcler der Pestalozzischulen im Jahr 2009. Vorwort 1.Vorwort Als ich noch in der Klasse 5a war, haben meine Klassenkameradinnen und ich am Malprojekt teilgenommen. Das war toll, aber schade, dass es jetzt vorbei ist =(. Lene Gimbel, Klasse 6a 2.Vorwort Auch ich habe an dem Projekt teilgenommen. Das [&hellip;]<\/p>\r\n\t\t\t\t\t\t\t\t\t\t<a href=\"http:\/\/www.achtung-frisch-gestrichen.de\/wp-content\/uploads\/Bluehmchen_23.jpg\" id=\"621imglink651\" class=\"colorboxslideshow621\" data-rel=\"slideshowgroup621\" title=\"Bluehmchen_23\">\r\n\t\t\t\t\t\t\t\t\t\t\t\t\t<img class=\"skip-lazy\" src=\"http:\/\/www.achtung-frisch-gestrichen.de\/wp-content\/uploads\/Bluehmchen_23-100x75.jpg\" alt=\"bluehmchen23\" \/>\r\n\t\t\t\t\t\t\t\t\t\t\t<\/a>\r\n\t\t\t\t<\/li>\r\n\t\t\t\t\t\t\t\t\t\t\t\t\t\t\t<li>\r\n\t\t\t\t\t\t\t\t\t\t\t<h3 style=\"opacity:70;\">Bluehmchen_24<\/h3>\r\n\t\t\t\t\t\t\t\t\t\t\t\t\t\t\t\t\t\t\t\t\r\n\t\t\t\t\t\t\t\t\t\t\t<span data-alt=\"bluehmchen24\">http:\/\/www.achtung-frisch-gestrichen.de\/wp-content\/uploads\/Bluehmchen_24.jpg<\/span>\r\n\t\t\t\t\t\t\t\t\t\t<p>Kunstprojekt an der Turnhalle Freiburg-Haslach mit den Sch\u00fcler der Pestalozzischulen im Jahr 2009. Vorwort 1.Vorwort Als ich noch in der Klasse 5a war, haben meine Klassenkameradinnen und ich am Malprojekt teilgenommen. Das war toll, aber schade, dass es jetzt vorbei ist =(. Lene Gimbel, Klasse 6a 2.Vorwort Auch ich habe an dem Projekt teilgenommen. Das [&hellip;]<\/p>\r\n\t\t\t\t\t\t\t\t\t\t<a href=\"http:\/\/www.achtung-frisch-gestrichen.de\/wp-content\/uploads\/Bluehmchen_24.jpg\" id=\"621imglink652\" class=\"colorboxslideshow621\" data-rel=\"slideshowgroup621\" title=\"Bluehmchen_24\">\r\n\t\t\t\t\t\t\t\t\t\t\t\t\t<img class=\"skip-lazy\" src=\"http:\/\/www.achtung-frisch-gestrichen.de\/wp-content\/uploads\/Bluehmchen_24-100x75.jpg\" alt=\"bluehmchen24\" \/>\r\n\t\t\t\t\t\t\t\t\t\t\t<\/a>\r\n\t\t\t\t<\/li>\r\n\t\t\t\t\t\t\t\t\t\t\t\t\t\t\t<li>\r\n\t\t\t\t\t\t\t\t\t\t\t<h3 style=\"opacity:70;\">Bluehmchen_25<\/h3>\r\n\t\t\t\t\t\t\t\t\t\t\t\t\t\t\t\t\t\t\t\t\r\n\t\t\t\t\t\t\t\t\t\t\t<span data-alt=\"bluehmchen25\">http:\/\/www.achtung-frisch-gestrichen.de\/wp-content\/uploads\/Bluehmchen_25.jpg<\/span>\r\n\t\t\t\t\t\t\t\t\t\t<p>Kunstprojekt an der Turnhalle Freiburg-Haslach mit den Sch\u00fcler der Pestalozzischulen im Jahr 2009. Vorwort 1.Vorwort Als ich noch in der Klasse 5a war, haben meine Klassenkameradinnen und ich am Malprojekt teilgenommen. Das war toll, aber schade, dass es jetzt vorbei ist =(. Lene Gimbel, Klasse 6a 2.Vorwort Auch ich habe an dem Projekt teilgenommen. Das [&hellip;]<\/p>\r\n\t\t\t\t\t\t\t\t\t\t<a href=\"http:\/\/www.achtung-frisch-gestrichen.de\/wp-content\/uploads\/Bluehmchen_25.jpg\" id=\"621imglink653\" class=\"colorboxslideshow621\" data-rel=\"slideshowgroup621\" title=\"Bluehmchen_25\">\r\n\t\t\t\t\t\t\t\t\t\t\t\t\t<img class=\"skip-lazy\" src=\"http:\/\/www.achtung-frisch-gestrichen.de\/wp-content\/uploads\/Bluehmchen_25-100x75.jpg\" alt=\"bluehmchen25\" \/>\r\n\t\t\t\t\t\t\t\t\t\t\t<\/a>\r\n\t\t\t\t<\/li>\r\n\t\t\t\t\t\t\t\t\t\t\t\t\t\t\t<li>\r\n\t\t\t\t\t\t\t\t\t\t\t<h3 style=\"opacity:70;\">Bluehmchen_26<\/h3>\r\n\t\t\t\t\t\t\t\t\t\t\t\t\t\t\t\t\t\t\t\t\r\n\t\t\t\t\t\t\t\t\t\t\t<span data-alt=\"bluehmchen26\">http:\/\/www.achtung-frisch-gestrichen.de\/wp-content\/uploads\/Bluehmchen_26.jpg<\/span>\r\n\t\t\t\t\t\t\t\t\t\t<p>Kunstprojekt an der Turnhalle Freiburg-Haslach mit den Sch\u00fcler der Pestalozzischulen im Jahr 2009. Vorwort 1.Vorwort Als ich noch in der Klasse 5a war, haben meine Klassenkameradinnen und ich am Malprojekt teilgenommen. Das war toll, aber schade, dass es jetzt vorbei ist =(. Lene Gimbel, Klasse 6a 2.Vorwort Auch ich habe an dem Projekt teilgenommen. Das [&hellip;]<\/p>\r\n\t\t\t\t\t\t\t\t\t\t<a href=\"http:\/\/www.achtung-frisch-gestrichen.de\/wp-content\/uploads\/Bluehmchen_26.jpg\" id=\"621imglink654\" class=\"colorboxslideshow621\" data-rel=\"slideshowgroup621\" title=\"Bluehmchen_26\">\r\n\t\t\t\t\t\t\t\t\t\t\t\t\t<img class=\"skip-lazy\" src=\"http:\/\/www.achtung-frisch-gestrichen.de\/wp-content\/uploads\/Bluehmchen_26-100x75.jpg\" alt=\"bluehmchen26\" \/>\r\n\t\t\t\t\t\t\t\t\t\t\t<\/a>\r\n\t\t\t\t<\/li>\r\n\t\t\t\t\t\t\t\t\t\t\t\t\t\t\t<li>\r\n\t\t\t\t\t\t\t\t\t\t\t<h3 style=\"opacity:70;\">Bluehmchen_27<\/h3>\r\n\t\t\t\t\t\t\t\t\t\t\t\t\t\t\t\t\t\t\t\t\r\n\t\t\t\t\t\t\t\t\t\t\t<span data-alt=\"bluehmchen27\">http:\/\/www.achtung-frisch-gestrichen.de\/wp-content\/uploads\/Bluehmchen_27.jpg<\/span>\r\n\t\t\t\t\t\t\t\t\t\t<p>Kunstprojekt an der Turnhalle Freiburg-Haslach mit den Sch\u00fcler der Pestalozzischulen im Jahr 2009. Vorwort 1.Vorwort Als ich noch in der Klasse 5a war, haben meine Klassenkameradinnen und ich am Malprojekt teilgenommen. Das war toll, aber schade, dass es jetzt vorbei ist =(. Lene Gimbel, Klasse 6a 2.Vorwort Auch ich habe an dem Projekt teilgenommen. Das [&hellip;]<\/p>\r\n\t\t\t\t\t\t\t\t\t\t<a href=\"http:\/\/www.achtung-frisch-gestrichen.de\/wp-content\/uploads\/Bluehmchen_27.jpg\" id=\"621imglink655\" class=\"colorboxslideshow621\" data-rel=\"slideshowgroup621\" title=\"Bluehmchen_27\">\r\n\t\t\t\t\t\t\t\t\t\t\t\t\t<img class=\"skip-lazy\" src=\"http:\/\/www.achtung-frisch-gestrichen.de\/wp-content\/uploads\/Bluehmchen_27-100x75.jpg\" alt=\"bluehmchen27\" \/>\r\n\t\t\t\t\t\t\t\t\t\t\t<\/a>\r\n\t\t\t\t<\/li>\r\n\t\t\t\t\t\t\t\t\t\t\t\t\t\t\t<li>\r\n\t\t\t\t\t\t\t\t\t\t\t<h3 style=\"opacity:70;\">Bluehmchen_28<\/h3>\r\n\t\t\t\t\t\t\t\t\t\t\t\t\t\t\t\t\t\t\t\t\r\n\t\t\t\t\t\t\t\t\t\t\t<span data-alt=\"bluehmchen28\">http:\/\/www.achtung-frisch-gestrichen.de\/wp-content\/uploads\/Bluehmchen_28.jpg<\/span>\r\n\t\t\t\t\t\t\t\t\t\t<p>Kunstprojekt an der Turnhalle Freiburg-Haslach mit den Sch\u00fcler der Pestalozzischulen im Jahr 2009. Vorwort 1.Vorwort Als ich noch in der Klasse 5a war, haben meine Klassenkameradinnen und ich am Malprojekt teilgenommen. Das war toll, aber schade, dass es jetzt vorbei ist =(. Lene Gimbel, Klasse 6a 2.Vorwort Auch ich habe an dem Projekt teilgenommen. Das [&hellip;]<\/p>\r\n\t\t\t\t\t\t\t\t\t\t<a href=\"http:\/\/www.achtung-frisch-gestrichen.de\/wp-content\/uploads\/Bluehmchen_28.jpg\" id=\"621imglink656\" class=\"colorboxslideshow621\" data-rel=\"slideshowgroup621\" title=\"Bluehmchen_28\">\r\n\t\t\t\t\t\t\t\t\t\t\t\t\t<img class=\"skip-lazy\" src=\"http:\/\/www.achtung-frisch-gestrichen.de\/wp-content\/uploads\/Bluehmchen_28-100x75.jpg\" alt=\"bluehmchen28\" \/>\r\n\t\t\t\t\t\t\t\t\t\t\t<\/a>\r\n\t\t\t\t<\/li>\r\n\t\t\t\t\t\t\t\t\t\t\t\t\t\t\t<li>\r\n\t\t\t\t\t\t\t\t\t\t\t<h3 style=\"opacity:70;\">Bluehmchen_29<\/h3>\r\n\t\t\t\t\t\t\t\t\t\t\t\t\t\t\t\t\t\t\t\t\r\n\t\t\t\t\t\t\t\t\t\t\t<span data-alt=\"bluehmchen29\">http:\/\/www.achtung-frisch-gestrichen.de\/wp-content\/uploads\/Bluehmchen_29.jpg<\/span>\r\n\t\t\t\t\t\t\t\t\t\t<p>Kunstprojekt an der Turnhalle Freiburg-Haslach mit den Sch\u00fcler der Pestalozzischulen im Jahr 2009. Vorwort 1.Vorwort Als ich noch in der Klasse 5a war, haben meine Klassenkameradinnen und ich am Malprojekt teilgenommen. Das war toll, aber schade, dass es jetzt vorbei ist =(. Lene Gimbel, Klasse 6a 2.Vorwort Auch ich habe an dem Projekt teilgenommen. Das [&hellip;]<\/p>\r\n\t\t\t\t\t\t\t\t\t\t<a href=\"http:\/\/www.achtung-frisch-gestrichen.de\/wp-content\/uploads\/Bluehmchen_29.jpg\" id=\"621imglink657\" class=\"colorboxslideshow621\" data-rel=\"slideshowgroup621\" title=\"Bluehmchen_29\">\r\n\t\t\t\t\t\t\t\t\t\t\t\t\t<img class=\"skip-lazy\" src=\"http:\/\/www.achtung-frisch-gestrichen.de\/wp-content\/uploads\/Bluehmchen_29-100x75.jpg\" alt=\"bluehmchen29\" \/>\r\n\t\t\t\t\t\t\t\t\t\t\t<\/a>\r\n\t\t\t\t<\/li>\r\n\t\t\t\t\t\t\t\t\t\t\t\t\t\t\t<li>\r\n\t\t\t\t\t\t\t\t\t\t\t<h3 style=\"opacity:70;\">Bluehmchen_30<\/h3>\r\n\t\t\t\t\t\t\t\t\t\t\t\t\t\t\t\t\t\t\t\t\r\n\t\t\t\t\t\t\t\t\t\t\t<span data-alt=\"bluehmchen30\">http:\/\/www.achtung-frisch-gestrichen.de\/wp-content\/uploads\/Bluehmchen_30.jpg<\/span>\r\n\t\t\t\t\t\t\t\t\t\t<p>Kunstprojekt an der Turnhalle Freiburg-Haslach mit den Sch\u00fcler der Pestalozzischulen im Jahr 2009. Vorwort 1.Vorwort Als ich noch in der Klasse 5a war, haben meine Klassenkameradinnen und ich am Malprojekt teilgenommen. Das war toll, aber schade, dass es jetzt vorbei ist =(. Lene Gimbel, Klasse 6a 2.Vorwort Auch ich habe an dem Projekt teilgenommen. Das [&hellip;]<\/p>\r\n\t\t\t\t\t\t\t\t\t\t<a href=\"http:\/\/www.achtung-frisch-gestrichen.de\/wp-content\/uploads\/Bluehmchen_30.jpg\" id=\"621imglink658\" class=\"colorboxslideshow621\" data-rel=\"slideshowgroup621\" title=\"Bluehmchen_30\">\r\n\t\t\t\t\t\t\t\t\t\t\t\t\t<img class=\"skip-lazy\" src=\"http:\/\/www.achtung-frisch-gestrichen.de\/wp-content\/uploads\/Bluehmchen_30-100x75.jpg\" alt=\"bluehmchen30\" \/>\r\n\t\t\t\t\t\t\t\t\t\t\t<\/a>\r\n\t\t\t\t<\/li>\r\n\t\t\t\t\t\t\t\t\t\t\t\t\t\t\t<li>\r\n\t\t\t\t\t\t\t\t\t\t\t<h3 style=\"opacity:70;\">Bluehmchen_31<\/h3>\r\n\t\t\t\t\t\t\t\t\t\t\t\t\t\t\t\t\t\t\t\t\r\n\t\t\t\t\t\t\t\t\t\t\t<span data-alt=\"bluehmchen31\">http:\/\/www.achtung-frisch-gestrichen.de\/wp-content\/uploads\/Bluehmchen_31.jpg<\/span>\r\n\t\t\t\t\t\t\t\t\t\t<p>Kunstprojekt an der Turnhalle Freiburg-Haslach mit den Sch\u00fcler der Pestalozzischulen im Jahr 2009. Vorwort 1.Vorwort Als ich noch in der Klasse 5a war, haben meine Klassenkameradinnen und ich am Malprojekt teilgenommen. Das war toll, aber schade, dass es jetzt vorbei ist =(. Lene Gimbel, Klasse 6a 2.Vorwort Auch ich habe an dem Projekt teilgenommen. Das [&hellip;]<\/p>\r\n\t\t\t\t\t\t\t\t\t\t<a href=\"http:\/\/www.achtung-frisch-gestrichen.de\/wp-content\/uploads\/Bluehmchen_31.jpg\" id=\"621imglink659\" class=\"colorboxslideshow621\" data-rel=\"slideshowgroup621\" title=\"Bluehmchen_31\">\r\n\t\t\t\t\t\t\t\t\t\t\t\t\t<img class=\"skip-lazy\" src=\"http:\/\/www.achtung-frisch-gestrichen.de\/wp-content\/uploads\/Bluehmchen_31-100x75.jpg\" alt=\"bluehmchen31\" \/>\r\n\t\t\t\t\t\t\t\t\t\t\t<\/a>\r\n\t\t\t\t<\/li>\r\n\t\t\t\t\t\t\t\t\t\t\t\t\t\t\t<li>\r\n\t\t\t\t\t\t\t\t\t\t\t<h3 style=\"opacity:70;\">Bluehmchen_32<\/h3>\r\n\t\t\t\t\t\t\t\t\t\t\t\t\t\t\t\t\t\t\t\t\r\n\t\t\t\t\t\t\t\t\t\t\t<span data-alt=\"bluehmchen32\">http:\/\/www.achtung-frisch-gestrichen.de\/wp-content\/uploads\/Bluehmchen_32.jpg<\/span>\r\n\t\t\t\t\t\t\t\t\t\t<p>Kunstprojekt an der Turnhalle Freiburg-Haslach mit den Sch\u00fcler der Pestalozzischulen im Jahr 2009. Vorwort 1.Vorwort Als ich noch in der Klasse 5a war, haben meine Klassenkameradinnen und ich am Malprojekt teilgenommen. Das war toll, aber schade, dass es jetzt vorbei ist =(. Lene Gimbel, Klasse 6a 2.Vorwort Auch ich habe an dem Projekt teilgenommen. Das [&hellip;]<\/p>\r\n\t\t\t\t\t\t\t\t\t\t<a href=\"http:\/\/www.achtung-frisch-gestrichen.de\/wp-content\/uploads\/Bluehmchen_32.jpg\" id=\"621imglink660\" class=\"colorboxslideshow621\" data-rel=\"slideshowgroup621\" title=\"Bluehmchen_32\">\r\n\t\t\t\t\t\t\t\t\t\t\t\t\t<img class=\"skip-lazy\" src=\"http:\/\/www.achtung-frisch-gestrichen.de\/wp-content\/uploads\/Bluehmchen_32-100x75.jpg\" alt=\"bluehmchen32\" \/>\r\n\t\t\t\t\t\t\t\t\t\t\t<\/a>\r\n\t\t\t\t<\/li>\r\n\t\t\t\t\t\t\t\t\t\t\t\t\t\t\t<li>\r\n\t\t\t\t\t\t\t\t\t\t\t<h3 style=\"opacity:70;\">Bluehmchen_33<\/h3>\r\n\t\t\t\t\t\t\t\t\t\t\t\t\t\t\t\t\t\t\t\t\r\n\t\t\t\t\t\t\t\t\t\t\t<span data-alt=\"bluehmchen33\">http:\/\/www.achtung-frisch-gestrichen.de\/wp-content\/uploads\/Bluehmchen_33.jpg<\/span>\r\n\t\t\t\t\t\t\t\t\t\t<p>Kunstprojekt an der Turnhalle Freiburg-Haslach mit den Sch\u00fcler der Pestalozzischulen im Jahr 2009. Vorwort 1.Vorwort Als ich noch in der Klasse 5a war, haben meine Klassenkameradinnen und ich am Malprojekt teilgenommen. Das war toll, aber schade, dass es jetzt vorbei ist =(. Lene Gimbel, Klasse 6a 2.Vorwort Auch ich habe an dem Projekt teilgenommen. Das [&hellip;]<\/p>\r\n\t\t\t\t\t\t\t\t\t\t<a href=\"http:\/\/www.achtung-frisch-gestrichen.de\/wp-content\/uploads\/Bluehmchen_33.jpg\" id=\"621imglink661\" class=\"colorboxslideshow621\" data-rel=\"slideshowgroup621\" title=\"Bluehmchen_33\">\r\n\t\t\t\t\t\t\t\t\t\t\t\t\t<img class=\"skip-lazy\" src=\"http:\/\/www.achtung-frisch-gestrichen.de\/wp-content\/uploads\/Bluehmchen_33-100x75.jpg\" alt=\"bluehmchen33\" \/>\r\n\t\t\t\t\t\t\t\t\t\t\t<\/a>\r\n\t\t\t\t<\/li>\r\n\t\t\t\t\t\t\t\t\t\t\t\t\t\t\t<li>\r\n\t\t\t\t\t\t\t\t\t\t\t<h3 style=\"opacity:70;\">Bluehmchen_34<\/h3>\r\n\t\t\t\t\t\t\t\t\t\t\t\t\t\t\t\t\t\t\t\t\r\n\t\t\t\t\t\t\t\t\t\t\t<span data-alt=\"bluehmchen34\">http:\/\/www.achtung-frisch-gestrichen.de\/wp-content\/uploads\/Bluehmchen_34.jpg<\/span>\r\n\t\t\t\t\t\t\t\t\t\t<p>Kunstprojekt an der Turnhalle Freiburg-Haslach mit den Sch\u00fcler der Pestalozzischulen im Jahr 2009. Vorwort 1.Vorwort Als ich noch in der Klasse 5a war, haben meine Klassenkameradinnen und ich am Malprojekt teilgenommen. Das war toll, aber schade, dass es jetzt vorbei ist =(. Lene Gimbel, Klasse 6a 2.Vorwort Auch ich habe an dem Projekt teilgenommen. Das [&hellip;]<\/p>\r\n\t\t\t\t\t\t\t\t\t\t<a href=\"http:\/\/www.achtung-frisch-gestrichen.de\/wp-content\/uploads\/Bluehmchen_34.jpg\" id=\"621imglink662\" class=\"colorboxslideshow621\" data-rel=\"slideshowgroup621\" title=\"Bluehmchen_34\">\r\n\t\t\t\t\t\t\t\t\t\t\t\t\t<img class=\"skip-lazy\" src=\"http:\/\/www.achtung-frisch-gestrichen.de\/wp-content\/uploads\/Bluehmchen_34-100x75.jpg\" alt=\"bluehmchen34\" \/>\r\n\t\t\t\t\t\t\t\t\t\t\t<\/a>\r\n\t\t\t\t<\/li>\r\n\t\t\t\t\t\t\t\t\t\t\t\t\t\t\t<li>\r\n\t\t\t\t\t\t\t\t\t\t\t<h3 style=\"opacity:70;\">Bluehmchen_35<\/h3>\r\n\t\t\t\t\t\t\t\t\t\t\t\t\t\t\t\t\t\t\t\t\r\n\t\t\t\t\t\t\t\t\t\t\t<span data-alt=\"bluehmchen35\">http:\/\/www.achtung-frisch-gestrichen.de\/wp-content\/uploads\/Bluehmchen_35.jpg<\/span>\r\n\t\t\t\t\t\t\t\t\t\t<p>Kunstprojekt an der Turnhalle Freiburg-Haslach mit den Sch\u00fcler der Pestalozzischulen im Jahr 2009. Vorwort 1.Vorwort Als ich noch in der Klasse 5a war, haben meine Klassenkameradinnen und ich am Malprojekt teilgenommen. Das war toll, aber schade, dass es jetzt vorbei ist =(. Lene Gimbel, Klasse 6a 2.Vorwort Auch ich habe an dem Projekt teilgenommen. Das [&hellip;]<\/p>\r\n\t\t\t\t\t\t\t\t\t\t<a href=\"http:\/\/www.achtung-frisch-gestrichen.de\/wp-content\/uploads\/Bluehmchen_35.jpg\" id=\"621imglink663\" class=\"colorboxslideshow621\" data-rel=\"slideshowgroup621\" title=\"Bluehmchen_35\">\r\n\t\t\t\t\t\t\t\t\t\t\t\t\t<img class=\"skip-lazy\" src=\"http:\/\/www.achtung-frisch-gestrichen.de\/wp-content\/uploads\/Bluehmchen_35-100x75.jpg\" alt=\"bluehmchen35\" \/>\r\n\t\t\t\t\t\t\t\t\t\t\t<\/a>\r\n\t\t\t\t<\/li>\r\n\t\t\t\t\t\t\t\t\t\t\t\t\t\t\t<li>\r\n\t\t\t\t\t\t\t\t\t\t\t<h3 style=\"opacity:70;\">Bluehmchen_36<\/h3>\r\n\t\t\t\t\t\t\t\t\t\t\t\t\t\t\t\t\t\t\t\t\r\n\t\t\t\t\t\t\t\t\t\t\t<span data-alt=\"bluehmchen36\">http:\/\/www.achtung-frisch-gestrichen.de\/wp-content\/uploads\/Bluehmchen_36.jpg<\/span>\r\n\t\t\t\t\t\t\t\t\t\t<p>Kunstprojekt an der Turnhalle Freiburg-Haslach mit den Sch\u00fcler der Pestalozzischulen im Jahr 2009. Vorwort 1.Vorwort Als ich noch in der Klasse 5a war, haben meine Klassenkameradinnen und ich am Malprojekt teilgenommen. Das war toll, aber schade, dass es jetzt vorbei ist =(. Lene Gimbel, Klasse 6a 2.Vorwort Auch ich habe an dem Projekt teilgenommen. Das [&hellip;]<\/p>\r\n\t\t\t\t\t\t\t\t\t\t<a href=\"http:\/\/www.achtung-frisch-gestrichen.de\/wp-content\/uploads\/Bluehmchen_36.jpg\" id=\"621imglink664\" class=\"colorboxslideshow621\" data-rel=\"slideshowgroup621\" title=\"Bluehmchen_36\">\r\n\t\t\t\t\t\t\t\t\t\t\t\t\t<img class=\"skip-lazy\" src=\"http:\/\/www.achtung-frisch-gestrichen.de\/wp-content\/uploads\/Bluehmchen_36-100x75.jpg\" alt=\"bluehmchen36\" \/>\r\n\t\t\t\t\t\t\t\t\t\t\t<\/a>\r\n\t\t\t\t<\/li>\r\n\t\t\t\t\t\t\t\t\t\t\t\t\t\t\t<li>\r\n\t\t\t\t\t\t\t\t\t\t\t<h3 style=\"opacity:70;\">Bluehmchen_37<\/h3>\r\n\t\t\t\t\t\t\t\t\t\t\t\t\t\t\t\t\t\t\t\t\r\n\t\t\t\t\t\t\t\t\t\t\t<span data-alt=\"bluehmchen37\">http:\/\/www.achtung-frisch-gestrichen.de\/wp-content\/uploads\/Bluehmchen_37.jpg<\/span>\r\n\t\t\t\t\t\t\t\t\t\t<p>Kunstprojekt an der Turnhalle Freiburg-Haslach mit den Sch\u00fcler der Pestalozzischulen im Jahr 2009. Vorwort 1.Vorwort Als ich noch in der Klasse 5a war, haben meine Klassenkameradinnen und ich am Malprojekt teilgenommen. Das war toll, aber schade, dass es jetzt vorbei ist =(. Lene Gimbel, Klasse 6a 2.Vorwort Auch ich habe an dem Projekt teilgenommen. Das [&hellip;]<\/p>\r\n\t\t\t\t\t\t\t\t\t\t<a href=\"http:\/\/www.achtung-frisch-gestrichen.de\/wp-content\/uploads\/Bluehmchen_37.jpg\" id=\"621imglink665\" class=\"colorboxslideshow621\" data-rel=\"slideshowgroup621\" title=\"Bluehmchen_37\">\r\n\t\t\t\t\t\t\t\t\t\t\t\t\t<img class=\"skip-lazy\" src=\"http:\/\/www.achtung-frisch-gestrichen.de\/wp-content\/uploads\/Bluehmchen_37-100x75.jpg\" alt=\"bluehmchen37\" \/>\r\n\t\t\t\t\t\t\t\t\t\t\t<\/a>\r\n\t\t\t\t<\/li>\r\n\t\t\t\t\t\t\t\t\t\t\t\t\t\t\t<li>\r\n\t\t\t\t\t\t\t\t\t\t\t<h3 style=\"opacity:70;\">Bluehmchen_38<\/h3>\r\n\t\t\t\t\t\t\t\t\t\t\t\t\t\t\t\t\t\t\t\t\r\n\t\t\t\t\t\t\t\t\t\t\t<span data-alt=\"bluehmchen38\">http:\/\/www.achtung-frisch-gestrichen.de\/wp-content\/uploads\/Bluehmchen_38.jpg<\/span>\r\n\t\t\t\t\t\t\t\t\t\t<p>Kunstprojekt an der Turnhalle Freiburg-Haslach mit den Sch\u00fcler der Pestalozzischulen im Jahr 2009. Vorwort 1.Vorwort Als ich noch in der Klasse 5a war, haben meine Klassenkameradinnen und ich am Malprojekt teilgenommen. Das war toll, aber schade, dass es jetzt vorbei ist =(. Lene Gimbel, Klasse 6a 2.Vorwort Auch ich habe an dem Projekt teilgenommen. Das [&hellip;]<\/p>\r\n\t\t\t\t\t\t\t\t\t\t<a href=\"http:\/\/www.achtung-frisch-gestrichen.de\/wp-content\/uploads\/Bluehmchen_38.jpg\" id=\"621imglink666\" class=\"colorboxslideshow621\" data-rel=\"slideshowgroup621\" title=\"Bluehmchen_38\">\r\n\t\t\t\t\t\t\t\t\t\t\t\t\t<img class=\"skip-lazy\" src=\"http:\/\/www.achtung-frisch-gestrichen.de\/wp-content\/uploads\/Bluehmchen_38-100x75.jpg\" alt=\"bluehmchen38\" \/>\r\n\t\t\t\t\t\t\t\t\t\t\t<\/a>\r\n\t\t\t\t<\/li>\r\n\t\t\t\t\t\t\t\t\t\t\t\t\t\t\t<li>\r\n\t\t\t\t\t\t\t\t\t\t\t<h3 style=\"opacity:70;\">Bluehmchen_39<\/h3>\r\n\t\t\t\t\t\t\t\t\t\t\t\t\t\t\t\t\t\t\t\t\r\n\t\t\t\t\t\t\t\t\t\t\t<span data-alt=\"bluehmchen39\">http:\/\/www.achtung-frisch-gestrichen.de\/wp-content\/uploads\/Bluehmchen_39.jpg<\/span>\r\n\t\t\t\t\t\t\t\t\t\t<p>Kunstprojekt an der Turnhalle Freiburg-Haslach mit den Sch\u00fcler der Pestalozzischulen im Jahr 2009. Vorwort 1.Vorwort Als ich noch in der Klasse 5a war, haben meine Klassenkameradinnen und ich am Malprojekt teilgenommen. Das war toll, aber schade, dass es jetzt vorbei ist =(. Lene Gimbel, Klasse 6a 2.Vorwort Auch ich habe an dem Projekt teilgenommen. Das [&hellip;]<\/p>\r\n\t\t\t\t\t\t\t\t\t\t<a href=\"http:\/\/www.achtung-frisch-gestrichen.de\/wp-content\/uploads\/Bluehmchen_39.jpg\" id=\"621imglink667\" class=\"colorboxslideshow621\" data-rel=\"slideshowgroup621\" title=\"Bluehmchen_39\">\r\n\t\t\t\t\t\t\t\t\t\t\t\t\t<img class=\"skip-lazy\" src=\"http:\/\/www.achtung-frisch-gestrichen.de\/wp-content\/uploads\/Bluehmchen_39-100x75.jpg\" alt=\"bluehmchen39\" \/>\r\n\t\t\t\t\t\t\t\t\t\t\t<\/a>\r\n\t\t\t\t<\/li>\r\n\t\t\t\t\t\t\t\t\t\t\t\t\t\t\t<li>\r\n\t\t\t\t\t\t\t\t\t\t\t<h3 style=\"opacity:70;\">Bluehmchen_40<\/h3>\r\n\t\t\t\t\t\t\t\t\t\t\t\t\t\t\t\t\t\t\t\t\r\n\t\t\t\t\t\t\t\t\t\t\t<span data-alt=\"bluehmchen40\">http:\/\/www.achtung-frisch-gestrichen.de\/wp-content\/uploads\/Bluehmchen_40.jpg<\/span>\r\n\t\t\t\t\t\t\t\t\t\t<p>Kunstprojekt an der Turnhalle Freiburg-Haslach mit den Sch\u00fcler der Pestalozzischulen im Jahr 2009. Vorwort 1.Vorwort Als ich noch in der Klasse 5a war, haben meine Klassenkameradinnen und ich am Malprojekt teilgenommen. Das war toll, aber schade, dass es jetzt vorbei ist =(. Lene Gimbel, Klasse 6a 2.Vorwort Auch ich habe an dem Projekt teilgenommen. Das [&hellip;]<\/p>\r\n\t\t\t\t\t\t\t\t\t\t<a href=\"http:\/\/www.achtung-frisch-gestrichen.de\/wp-content\/uploads\/Bluehmchen_40.jpg\" id=\"621imglink668\" class=\"colorboxslideshow621\" data-rel=\"slideshowgroup621\" title=\"Bluehmchen_40\">\r\n\t\t\t\t\t\t\t\t\t\t\t\t\t<img class=\"skip-lazy\" src=\"http:\/\/www.achtung-frisch-gestrichen.de\/wp-content\/uploads\/Bluehmchen_40-100x75.jpg\" alt=\"bluehmchen40\" \/>\r\n\t\t\t\t\t\t\t\t\t\t\t<\/a>\r\n\t\t\t\t<\/li>\r\n\t\t\t\t\t\t\t\t\t\t\t\t\t\t\t<li>\r\n\t\t\t\t\t\t\t\t\t\t\t<h3 style=\"opacity:70;\">Bluehmchen_41<\/h3>\r\n\t\t\t\t\t\t\t\t\t\t\t\t\t\t\t\t\t\t\t\t\r\n\t\t\t\t\t\t\t\t\t\t\t<span data-alt=\"bluehmchen41\">http:\/\/www.achtung-frisch-gestrichen.de\/wp-content\/uploads\/Bluehmchen_41.jpg<\/span>\r\n\t\t\t\t\t\t\t\t\t\t<p>Kunstprojekt an der Turnhalle Freiburg-Haslach mit den Sch\u00fcler der Pestalozzischulen im Jahr 2009. Vorwort 1.Vorwort Als ich noch in der Klasse 5a war, haben meine Klassenkameradinnen und ich am Malprojekt teilgenommen. Das war toll, aber schade, dass es jetzt vorbei ist =(. Lene Gimbel, Klasse 6a 2.Vorwort Auch ich habe an dem Projekt teilgenommen. Das [&hellip;]<\/p>\r\n\t\t\t\t\t\t\t\t\t\t<a href=\"http:\/\/www.achtung-frisch-gestrichen.de\/wp-content\/uploads\/Bluehmchen_41.jpg\" id=\"621imglink669\" class=\"colorboxslideshow621\" data-rel=\"slideshowgroup621\" title=\"Bluehmchen_41\">\r\n\t\t\t\t\t\t\t\t\t\t\t\t\t<img class=\"skip-lazy\" src=\"http:\/\/www.achtung-frisch-gestrichen.de\/wp-content\/uploads\/Bluehmchen_41-100x75.jpg\" alt=\"bluehmchen41\" \/>\r\n\t\t\t\t\t\t\t\t\t\t\t<\/a>\r\n\t\t\t\t<\/li>\r\n\t\t\t\t\t\t\t\t\t\t\t\t\t\t\t<li>\r\n\t\t\t\t\t\t\t\t\t\t\t<h3 style=\"opacity:70;\">Bluehmchen_42<\/h3>\r\n\t\t\t\t\t\t\t\t\t\t\t\t\t\t\t\t\t\t\t\t\r\n\t\t\t\t\t\t\t\t\t\t\t<span data-alt=\"bluehmchen42\">http:\/\/www.achtung-frisch-gestrichen.de\/wp-content\/uploads\/Bluehmchen_42.jpg<\/span>\r\n\t\t\t\t\t\t\t\t\t\t<p>Kunstprojekt an der Turnhalle Freiburg-Haslach mit den Sch\u00fcler der Pestalozzischulen im Jahr 2009. Vorwort 1.Vorwort Als ich noch in der Klasse 5a war, haben meine Klassenkameradinnen und ich am Malprojekt teilgenommen. Das war toll, aber schade, dass es jetzt vorbei ist =(. Lene Gimbel, Klasse 6a 2.Vorwort Auch ich habe an dem Projekt teilgenommen. Das [&hellip;]<\/p>\r\n\t\t\t\t\t\t\t\t\t\t<a href=\"http:\/\/www.achtung-frisch-gestrichen.de\/wp-content\/uploads\/Bluehmchen_42.jpg\" id=\"621imglink670\" class=\"colorboxslideshow621\" data-rel=\"slideshowgroup621\" title=\"Bluehmchen_42\">\r\n\t\t\t\t\t\t\t\t\t\t\t\t\t<img class=\"skip-lazy\" src=\"http:\/\/www.achtung-frisch-gestrichen.de\/wp-content\/uploads\/Bluehmchen_42-100x75.jpg\" alt=\"bluehmchen42\" \/>\r\n\t\t\t\t\t\t\t\t\t\t\t<\/a>\r\n\t\t\t\t<\/li>\r\n\t\t\t\t\t\t\t\t\t\t\t\t\t\t\t<li>\r\n\t\t\t\t\t\t\t\t\t\t\t<h3 style=\"opacity:70;\">Bluehmchen_43<\/h3>\r\n\t\t\t\t\t\t\t\t\t\t\t\t\t\t\t\t\t\t\t\t\r\n\t\t\t\t\t\t\t\t\t\t\t<span data-alt=\"bluehmchen43\">http:\/\/www.achtung-frisch-gestrichen.de\/wp-content\/uploads\/Bluehmchen_43.jpg<\/span>\r\n\t\t\t\t\t\t\t\t\t\t<p>Kunstprojekt an der Turnhalle Freiburg-Haslach mit den Sch\u00fcler der Pestalozzischulen im Jahr 2009. Vorwort 1.Vorwort Als ich noch in der Klasse 5a war, haben meine Klassenkameradinnen und ich am Malprojekt teilgenommen. Das war toll, aber schade, dass es jetzt vorbei ist =(. Lene Gimbel, Klasse 6a 2.Vorwort Auch ich habe an dem Projekt teilgenommen. Das [&hellip;]<\/p>\r\n\t\t\t\t\t\t\t\t\t\t<a href=\"http:\/\/www.achtung-frisch-gestrichen.de\/wp-content\/uploads\/Bluehmchen_43.jpg\" id=\"621imglink671\" class=\"colorboxslideshow621\" data-rel=\"slideshowgroup621\" title=\"Bluehmchen_43\">\r\n\t\t\t\t\t\t\t\t\t\t\t\t\t<img class=\"skip-lazy\" src=\"http:\/\/www.achtung-frisch-gestrichen.de\/wp-content\/uploads\/Bluehmchen_43-100x75.jpg\" alt=\"bluehmchen43\" \/>\r\n\t\t\t\t\t\t\t\t\t\t\t<\/a>\r\n\t\t\t\t<\/li>\r\n\t\t\t\t\t\t\t\t\t\t\t\t\t\t\t<li>\r\n\t\t\t\t\t\t\t\t\t\t\t<h3 style=\"opacity:70;\">Bluehmchen_44<\/h3>\r\n\t\t\t\t\t\t\t\t\t\t\t\t\t\t\t\t\t\t\t\t\r\n\t\t\t\t\t\t\t\t\t\t\t<span data-alt=\"bluehmchen44\">http:\/\/www.achtung-frisch-gestrichen.de\/wp-content\/uploads\/Bluehmchen_44.jpg<\/span>\r\n\t\t\t\t\t\t\t\t\t\t<p>Kunstprojekt an der Turnhalle Freiburg-Haslach mit den Sch\u00fcler der Pestalozzischulen im Jahr 2009. Vorwort 1.Vorwort Als ich noch in der Klasse 5a war, haben meine Klassenkameradinnen und ich am Malprojekt teilgenommen. Das war toll, aber schade, dass es jetzt vorbei ist =(. Lene Gimbel, Klasse 6a 2.Vorwort Auch ich habe an dem Projekt teilgenommen. Das [&hellip;]<\/p>\r\n\t\t\t\t\t\t\t\t\t\t<a href=\"http:\/\/www.achtung-frisch-gestrichen.de\/wp-content\/uploads\/Bluehmchen_44.jpg\" id=\"621imglink672\" class=\"colorboxslideshow621\" data-rel=\"slideshowgroup621\" title=\"Bluehmchen_44\">\r\n\t\t\t\t\t\t\t\t\t\t\t\t\t<img class=\"skip-lazy\" src=\"http:\/\/www.achtung-frisch-gestrichen.de\/wp-content\/uploads\/Bluehmchen_44-100x75.jpg\" alt=\"bluehmchen44\" \/>\r\n\t\t\t\t\t\t\t\t\t\t\t<\/a>\r\n\t\t\t\t<\/li>\r\n\t\t\t\t\t\t\t\t\t\t\t\t\t\t\t<li>\r\n\t\t\t\t\t\t\t\t\t\t\t<h3 style=\"opacity:70;\">Bluehmchen_45<\/h3>\r\n\t\t\t\t\t\t\t\t\t\t\t\t\t\t\t\t\t\t\t\t\r\n\t\t\t\t\t\t\t\t\t\t\t<span data-alt=\"bluehmchen45\">http:\/\/www.achtung-frisch-gestrichen.de\/wp-content\/uploads\/Bluehmchen_45.jpg<\/span>\r\n\t\t\t\t\t\t\t\t\t\t<p>Kunstprojekt an der Turnhalle Freiburg-Haslach mit den Sch\u00fcler der Pestalozzischulen im Jahr 2009. Vorwort 1.Vorwort Als ich noch in der Klasse 5a war, haben meine Klassenkameradinnen und ich am Malprojekt teilgenommen. Das war toll, aber schade, dass es jetzt vorbei ist =(. Lene Gimbel, Klasse 6a 2.Vorwort Auch ich habe an dem Projekt teilgenommen. Das [&hellip;]<\/p>\r\n\t\t\t\t\t\t\t\t\t\t<a href=\"http:\/\/www.achtung-frisch-gestrichen.de\/wp-content\/uploads\/Bluehmchen_45.jpg\" id=\"621imglink673\" class=\"colorboxslideshow621\" data-rel=\"slideshowgroup621\" title=\"Bluehmchen_45\">\r\n\t\t\t\t\t\t\t\t\t\t\t\t\t<img class=\"skip-lazy\" src=\"http:\/\/www.achtung-frisch-gestrichen.de\/wp-content\/uploads\/Bluehmchen_45-100x75.jpg\" alt=\"bluehmchen45\" \/>\r\n\t\t\t\t\t\t\t\t\t\t\t<\/a>\r\n\t\t\t\t<\/li>\r\n\t\t\t\t\t\t\t\t\t\t\t\t\t\t\t<li>\r\n\t\t\t\t\t\t\t\t\t\t\t<h3 style=\"opacity:70;\">Bluehmchen_46<\/h3>\r\n\t\t\t\t\t\t\t\t\t\t\t\t\t\t\t\t\t\t\t\t\r\n\t\t\t\t\t\t\t\t\t\t\t<span data-alt=\"bluehmchen46\">http:\/\/www.achtung-frisch-gestrichen.de\/wp-content\/uploads\/Bluehmchen_46.jpg<\/span>\r\n\t\t\t\t\t\t\t\t\t\t<p>Kunstprojekt an der Turnhalle Freiburg-Haslach mit den Sch\u00fcler der Pestalozzischulen im Jahr 2009. Vorwort 1.Vorwort Als ich noch in der Klasse 5a war, haben meine Klassenkameradinnen und ich am Malprojekt teilgenommen. Das war toll, aber schade, dass es jetzt vorbei ist =(. Lene Gimbel, Klasse 6a 2.Vorwort Auch ich habe an dem Projekt teilgenommen. Das [&hellip;]<\/p>\r\n\t\t\t\t\t\t\t\t\t\t<a href=\"http:\/\/www.achtung-frisch-gestrichen.de\/wp-content\/uploads\/Bluehmchen_46.jpg\" id=\"621imglink674\" class=\"colorboxslideshow621\" data-rel=\"slideshowgroup621\" title=\"Bluehmchen_46\">\r\n\t\t\t\t\t\t\t\t\t\t\t\t\t<img class=\"skip-lazy\" src=\"http:\/\/www.achtung-frisch-gestrichen.de\/wp-content\/uploads\/Bluehmchen_46-100x75.jpg\" alt=\"bluehmchen46\" \/>\r\n\t\t\t\t\t\t\t\t\t\t\t<\/a>\r\n\t\t\t\t<\/li>\r\n\t\t\t\t\t\t\t\t\t\t\t\t\t\t\t<li>\r\n\t\t\t\t\t\t\t\t\t\t\t<h3 style=\"opacity:70;\">Bluehmchen_47<\/h3>\r\n\t\t\t\t\t\t\t\t\t\t\t\t\t\t\t\t\t\t\t\t\r\n\t\t\t\t\t\t\t\t\t\t\t<span data-alt=\"bluehmchen47\">http:\/\/www.achtung-frisch-gestrichen.de\/wp-content\/uploads\/Bluehmchen_47.jpg<\/span>\r\n\t\t\t\t\t\t\t\t\t\t<p>Kunstprojekt an der Turnhalle Freiburg-Haslach mit den Sch\u00fcler der Pestalozzischulen im Jahr 2009. Vorwort 1.Vorwort Als ich noch in der Klasse 5a war, haben meine Klassenkameradinnen und ich am Malprojekt teilgenommen. Das war toll, aber schade, dass es jetzt vorbei ist =(. Lene Gimbel, Klasse 6a 2.Vorwort Auch ich habe an dem Projekt teilgenommen. Das [&hellip;]<\/p>\r\n\t\t\t\t\t\t\t\t\t\t<a href=\"http:\/\/www.achtung-frisch-gestrichen.de\/wp-content\/uploads\/Bluehmchen_47.jpg\" id=\"621imglink675\" class=\"colorboxslideshow621\" data-rel=\"slideshowgroup621\" title=\"Bluehmchen_47\">\r\n\t\t\t\t\t\t\t\t\t\t\t\t\t<img class=\"skip-lazy\" src=\"http:\/\/www.achtung-frisch-gestrichen.de\/wp-content\/uploads\/Bluehmchen_47-100x75.jpg\" alt=\"bluehmchen47\" \/>\r\n\t\t\t\t\t\t\t\t\t\t\t<\/a>\r\n\t\t\t\t<\/li>\r\n\t\t\t\t\t\t\t\t\t\t\t\t\t\t\t<li>\r\n\t\t\t\t\t\t\t\t\t\t\t<h3 style=\"opacity:70;\">Bluehmchen_48<\/h3>\r\n\t\t\t\t\t\t\t\t\t\t\t\t\t\t\t\t\t\t\t\t\r\n\t\t\t\t\t\t\t\t\t\t\t<span data-alt=\"bluehmchen48\">http:\/\/www.achtung-frisch-gestrichen.de\/wp-content\/uploads\/Bluehmchen_48.jpg<\/span>\r\n\t\t\t\t\t\t\t\t\t\t<p>Kunstprojekt an der Turnhalle Freiburg-Haslach mit den Sch\u00fcler der Pestalozzischulen im Jahr 2009. Vorwort 1.Vorwort Als ich noch in der Klasse 5a war, haben meine Klassenkameradinnen und ich am Malprojekt teilgenommen. Das war toll, aber schade, dass es jetzt vorbei ist =(. Lene Gimbel, Klasse 6a 2.Vorwort Auch ich habe an dem Projekt teilgenommen. Das [&hellip;]<\/p>\r\n\t\t\t\t\t\t\t\t\t\t<a href=\"http:\/\/www.achtung-frisch-gestrichen.de\/wp-content\/uploads\/Bluehmchen_48.jpg\" id=\"621imglink676\" class=\"colorboxslideshow621\" data-rel=\"slideshowgroup621\" title=\"Bluehmchen_48\">\r\n\t\t\t\t\t\t\t\t\t\t\t\t\t<img class=\"skip-lazy\" src=\"http:\/\/www.achtung-frisch-gestrichen.de\/wp-content\/uploads\/Bluehmchen_48-100x75.jpg\" alt=\"bluehmchen48\" \/>\r\n\t\t\t\t\t\t\t\t\t\t\t<\/a>\r\n\t\t\t\t<\/li>\r\n\t\t\t\t\t\t\t\t\t\t\t\t\t\t\t<li>\r\n\t\t\t\t\t\t\t\t\t\t\t<h3 style=\"opacity:70;\">Bluehmchen_49<\/h3>\r\n\t\t\t\t\t\t\t\t\t\t\t\t\t\t\t\t\t\t\t\t\r\n\t\t\t\t\t\t\t\t\t\t\t<span data-alt=\"bluehmchen49\">http:\/\/www.achtung-frisch-gestrichen.de\/wp-content\/uploads\/Bluehmchen_49.jpg<\/span>\r\n\t\t\t\t\t\t\t\t\t\t<p>Kunstprojekt an der Turnhalle Freiburg-Haslach mit den Sch\u00fcler der Pestalozzischulen im Jahr 2009. Vorwort 1.Vorwort Als ich noch in der Klasse 5a war, haben meine Klassenkameradinnen und ich am Malprojekt teilgenommen. Das war toll, aber schade, dass es jetzt vorbei ist =(. Lene Gimbel, Klasse 6a 2.Vorwort Auch ich habe an dem Projekt teilgenommen. Das [&hellip;]<\/p>\r\n\t\t\t\t\t\t\t\t\t\t<a href=\"http:\/\/www.achtung-frisch-gestrichen.de\/wp-content\/uploads\/Bluehmchen_49.jpg\" id=\"621imglink677\" class=\"colorboxslideshow621\" data-rel=\"slideshowgroup621\" title=\"Bluehmchen_49\">\r\n\t\t\t\t\t\t\t\t\t\t\t\t\t<img class=\"skip-lazy\" src=\"http:\/\/www.achtung-frisch-gestrichen.de\/wp-content\/uploads\/Bluehmchen_49-100x75.jpg\" alt=\"bluehmchen49\" \/>\r\n\t\t\t\t\t\t\t\t\t\t\t<\/a>\r\n\t\t\t\t<\/li>\r\n\t\t\t\t\t\t\t\t\t\t\t\t\t\t\t<li>\r\n\t\t\t\t\t\t\t\t\t\t\t<h3 style=\"opacity:70;\">Bluehmchen_50<\/h3>\r\n\t\t\t\t\t\t\t\t\t\t\t\t\t\t\t\t\t\t\t\t\r\n\t\t\t\t\t\t\t\t\t\t\t<span data-alt=\"bluehmchen50\">http:\/\/www.achtung-frisch-gestrichen.de\/wp-content\/uploads\/Bluehmchen_50.jpg<\/span>\r\n\t\t\t\t\t\t\t\t\t\t<p>Kunstprojekt an der Turnhalle Freiburg-Haslach mit den Sch\u00fcler der Pestalozzischulen im Jahr 2009. Vorwort 1.Vorwort Als ich noch in der Klasse 5a war, haben meine Klassenkameradinnen und ich am Malprojekt teilgenommen. Das war toll, aber schade, dass es jetzt vorbei ist =(. Lene Gimbel, Klasse 6a 2.Vorwort Auch ich habe an dem Projekt teilgenommen. Das [&hellip;]<\/p>\r\n\t\t\t\t\t\t\t\t\t\t<a href=\"http:\/\/www.achtung-frisch-gestrichen.de\/wp-content\/uploads\/Bluehmchen_50.jpg\" id=\"621imglink678\" class=\"colorboxslideshow621\" data-rel=\"slideshowgroup621\" title=\"Bluehmchen_50\">\r\n\t\t\t\t\t\t\t\t\t\t\t\t\t<img class=\"skip-lazy\" src=\"http:\/\/www.achtung-frisch-gestrichen.de\/wp-content\/uploads\/Bluehmchen_50-100x75.jpg\" alt=\"bluehmchen50\" \/>\r\n\t\t\t\t\t\t\t\t\t\t\t<\/a>\r\n\t\t\t\t<\/li>\r\n\t\t\t\t\t\t\t\t\t\t\t\t\t\t\t<li>\r\n\t\t\t\t\t\t\t\t\t\t\t<h3 style=\"opacity:70;\">Bluehmchen_51<\/h3>\r\n\t\t\t\t\t\t\t\t\t\t\t\t\t\t\t\t\t\t\t\t\r\n\t\t\t\t\t\t\t\t\t\t\t<span data-alt=\"bluehmchen51\">http:\/\/www.achtung-frisch-gestrichen.de\/wp-content\/uploads\/Bluehmchen_51.jpg<\/span>\r\n\t\t\t\t\t\t\t\t\t\t<p>Kunstprojekt an der Turnhalle Freiburg-Haslach mit den Sch\u00fcler der Pestalozzischulen im Jahr 2009. Vorwort 1.Vorwort Als ich noch in der Klasse 5a war, haben meine Klassenkameradinnen und ich am Malprojekt teilgenommen. Das war toll, aber schade, dass es jetzt vorbei ist =(. Lene Gimbel, Klasse 6a 2.Vorwort Auch ich habe an dem Projekt teilgenommen. Das [&hellip;]<\/p>\r\n\t\t\t\t\t\t\t\t\t\t<a href=\"http:\/\/www.achtung-frisch-gestrichen.de\/wp-content\/uploads\/Bluehmchen_51.jpg\" id=\"621imglink679\" class=\"colorboxslideshow621\" data-rel=\"slideshowgroup621\" title=\"Bluehmchen_51\">\r\n\t\t\t\t\t\t\t\t\t\t\t\t\t<img class=\"skip-lazy\" src=\"http:\/\/www.achtung-frisch-gestrichen.de\/wp-content\/uploads\/Bluehmchen_51-100x75.jpg\" alt=\"bluehmchen51\" \/>\r\n\t\t\t\t\t\t\t\t\t\t\t<\/a>\r\n\t\t\t\t<\/li>\r\n\t\t\t\t\t\t\t\t\t\t\t\t\t\t\t<li>\r\n\t\t\t\t\t\t\t\t\t\t\t<h3 style=\"opacity:70;\">Bluehmchen_52<\/h3>\r\n\t\t\t\t\t\t\t\t\t\t\t\t\t\t\t\t\t\t\t\t\r\n\t\t\t\t\t\t\t\t\t\t\t<span data-alt=\"bluehmchen52\">http:\/\/www.achtung-frisch-gestrichen.de\/wp-content\/uploads\/Bluehmchen_52.jpg<\/span>\r\n\t\t\t\t\t\t\t\t\t\t<p>Kunstprojekt an der Turnhalle Freiburg-Haslach mit den Sch\u00fcler der Pestalozzischulen im Jahr 2009. Vorwort 1.Vorwort Als ich noch in der Klasse 5a war, haben meine Klassenkameradinnen und ich am Malprojekt teilgenommen. Das war toll, aber schade, dass es jetzt vorbei ist =(. Lene Gimbel, Klasse 6a 2.Vorwort Auch ich habe an dem Projekt teilgenommen. Das [&hellip;]<\/p>\r\n\t\t\t\t\t\t\t\t\t\t<a href=\"http:\/\/www.achtung-frisch-gestrichen.de\/wp-content\/uploads\/Bluehmchen_52.jpg\" id=\"621imglink680\" class=\"colorboxslideshow621\" data-rel=\"slideshowgroup621\" title=\"Bluehmchen_52\">\r\n\t\t\t\t\t\t\t\t\t\t\t\t\t<img class=\"skip-lazy\" src=\"http:\/\/www.achtung-frisch-gestrichen.de\/wp-content\/uploads\/Bluehmchen_52-100x75.jpg\" alt=\"bluehmchen52\" \/>\r\n\t\t\t\t\t\t\t\t\t\t\t<\/a>\r\n\t\t\t\t<\/li>\r\n\t\t\t\t\t\t\t\t\t\t\t\t\t\t\t<li>\r\n\t\t\t\t\t\t\t\t\t\t\t<h3 style=\"opacity:70;\">Bluehmchen_53<\/h3>\r\n\t\t\t\t\t\t\t\t\t\t\t\t\t\t\t\t\t\t\t\t\r\n\t\t\t\t\t\t\t\t\t\t\t<span data-alt=\"bluehmchen53\">http:\/\/www.achtung-frisch-gestrichen.de\/wp-content\/uploads\/Bluehmchen_53.jpg<\/span>\r\n\t\t\t\t\t\t\t\t\t\t<p>Kunstprojekt an der Turnhalle Freiburg-Haslach mit den Sch\u00fcler der Pestalozzischulen im Jahr 2009. Vorwort 1.Vorwort Als ich noch in der Klasse 5a war, haben meine Klassenkameradinnen und ich am Malprojekt teilgenommen. Das war toll, aber schade, dass es jetzt vorbei ist =(. Lene Gimbel, Klasse 6a 2.Vorwort Auch ich habe an dem Projekt teilgenommen. Das [&hellip;]<\/p>\r\n\t\t\t\t\t\t\t\t\t\t<a href=\"http:\/\/www.achtung-frisch-gestrichen.de\/wp-content\/uploads\/Bluehmchen_53.jpg\" id=\"621imglink681\" class=\"colorboxslideshow621\" data-rel=\"slideshowgroup621\" title=\"Bluehmchen_53\">\r\n\t\t\t\t\t\t\t\t\t\t\t\t\t<img class=\"skip-lazy\" src=\"http:\/\/www.achtung-frisch-gestrichen.de\/wp-content\/uploads\/Bluehmchen_53-100x75.jpg\" alt=\"bluehmchen53\" \/>\r\n\t\t\t\t\t\t\t\t\t\t\t<\/a>\r\n\t\t\t\t<\/li>\r\n\t\t\t\t\t\t\t\t\t\t\t\t\t\t\t<li>\r\n\t\t\t\t\t\t\t\t\t\t\t<h3 style=\"opacity:70;\">Bluehmchen_54<\/h3>\r\n\t\t\t\t\t\t\t\t\t\t\t\t\t\t\t\t\t\t\t\t\r\n\t\t\t\t\t\t\t\t\t\t\t<span data-alt=\"bluehmchen54\">http:\/\/www.achtung-frisch-gestrichen.de\/wp-content\/uploads\/Bluehmchen_54.jpg<\/span>\r\n\t\t\t\t\t\t\t\t\t\t<p>Kunstprojekt an der Turnhalle Freiburg-Haslach mit den Sch\u00fcler der Pestalozzischulen im Jahr 2009. Vorwort 1.Vorwort Als ich noch in der Klasse 5a war, haben meine Klassenkameradinnen und ich am Malprojekt teilgenommen. Das war toll, aber schade, dass es jetzt vorbei ist =(. Lene Gimbel, Klasse 6a 2.Vorwort Auch ich habe an dem Projekt teilgenommen. Das [&hellip;]<\/p>\r\n\t\t\t\t\t\t\t\t\t\t<a href=\"http:\/\/www.achtung-frisch-gestrichen.de\/wp-content\/uploads\/Bluehmchen_54.jpg\" id=\"621imglink682\" class=\"colorboxslideshow621\" data-rel=\"slideshowgroup621\" title=\"Bluehmchen_54\">\r\n\t\t\t\t\t\t\t\t\t\t\t\t\t<img class=\"skip-lazy\" src=\"http:\/\/www.achtung-frisch-gestrichen.de\/wp-content\/uploads\/Bluehmchen_54-100x75.jpg\" alt=\"bluehmchen54\" \/>\r\n\t\t\t\t\t\t\t\t\t\t\t<\/a>\r\n\t\t\t\t<\/li>\r\n\t\t\t\t\t\t\t\t\t\t<\/ul>\r\n\t\r\n\t<div id=\"slideshow-wrapper621\" class=\"slideshow-wrapper\">\r\n\t\t\t\r\n\t\t<div class=\"slideshow-fullsize\" id=\"fullsize621\">\r\n\t\t\t\t\t\t\t\t\t\t\t\t\t\t<div id=\"imgprev621\" class=\"slideshow-imgprev imgnav\" title=\"Previous Image\">Previous Image<\/div>\r\n\t\t\t\t\t\t<a id=\"imglink621\" class=\"slideshow-imglink imglink\"><!-- link --><\/a>\r\n\t\t\t\t\t\t\t\t\t\t\t<div id=\"imgnext621\" class=\"slideshow-imgnext imgnav\" title=\"Next Image\">Next Image<\/div>\r\n\t\t\t\t\t\t<div id=\"image621\" class=\"slideshow-image\"><\/div>\r\n\t\t\t<div class=\"slideshow-information infobottom\" id=\"information621\">\r\n\t\t\t\t<h3 class=\"slideshow-info-heading\">info heading<\/h3>\r\n\t\t\t\t<p class=\"slideshow-info-content\">info content<\/p>\r\n\t\t\t<\/div>\r\n\t\t<\/div>\r\n\t\t\r\n\t\t\t\t\t<div id=\"thumbnails621\" class=\"slideshow-thumbnails thumbsbot\">\r\n\t\t\t\t<div class=\"slideshow-slideleft\" id=\"slideleft621\" title=\"Slide Left\"><\/div>\r\n\t\t\t\t<div class=\"slideshow-slidearea\" id=\"slidearea621\">\r\n\t\t\t\t\t<div class=\"slideshow-slider\" id=\"slider621\"><\/div>\r\n\t\t\t\t<\/div>\r\n\t\t\t\t<div class=\"slideshow-slideright\" id=\"slideright621\" title=\"Slide Right\"><\/div>\r\n\t\t\t\t<br style=\"clear:both; visibility:hidden; height:1px;\" \/>\r\n\t\t\t<\/div>\r\n\t\t\t<\/div>\r\n\t\r\n\t\t\r\n\t<!--[if IE 6]>\r\n\t<style type=\"text\/css\">\r\n\t.imglink, #imglink { display: none !important; }\r\n\t.linkhover { display: none !important; }\r\n\t<\/style>\r\n\t<![endif]-->\r\n\t\r\n\t<!-- Slideshow Gallery Javascript BEG -->\t\t<script type=\"text\/javascript\">\tjQuery.noConflict();\ttid('slideshow621').style.display = \"none\";\ttid('slideshow-wrapper621').style.display = 'block';\ttid('slideshow-wrapper621').style.visibility = 'hidden';\tjQuery(\"#fullsize621\").append('<div id=\"spinner621\"><i class=\"fa fa-cog fa-spin\"><\/i><\/div>');\ttid('spinner621').style.visibility = 'visible';\tvar slideshow621 = new TINY.slideshow(\"slideshow621\");\tjQuery(document).ready(function() {\t\tslideshow621.auto = true;\t\tslideshow621.speed = 10;\t\tslideshow621.effect = \"fade\";\t\tslideshow621.slide_direction = \"lr\";\t\tslideshow621.easing = \"swing\";\t\tslideshow621.alwaysauto = true;\t\tslideshow621.autoheight = false;\t\tslideshow621.autoheight_max = false;\t\tslideshow621.imgSpeed = 10;\t\tslideshow621.navOpacity = 25;\t\tslideshow621.navHover = 70;\t\tslideshow621.letterbox = \"#000000\";\t\tslideshow621.linkclass = \"linkhover\";\t\tslideshow621.imagesid = \"images621\";\t\tslideshow621.info = \"\";\t\tslideshow621.infoonhover = 0;\t\tslideshow621.infoSpeed = 10;\t\tslideshow621.infodelay = 0;\t\tslideshow621.infofade = 0;\t\tslideshow621.infofadedelay = 0;\t\tslideshow621.thumbs = \"slider621\";\t\tslideshow621.thumbOpacity = 70;\t\tslideshow621.left = \"slideleft621\";\t\tslideshow621.right = \"slideright621\";\t\tslideshow621.scrollSpeed = 5;\t\tslideshow621.spacing = 5;\t\tslideshow621.active = \"\";\t\tslideshow621.imagesthickbox = \"false\";\t\tjQuery(\"#spinner621\").remove();\t\tslideshow621.init(\"slideshow621\",\"image621\",\"imgprev621\",\"imgnext621\",\"imglink621\");\t\ttid('slideshow-wrapper621').style.visibility = 'visible';\t\tjQuery(window).trigger('resize');\t\t\t\t\t});\t\t\t<\/script>\t\t<!-- Slideshow Gallery Javascript END --><!-- Slideshow Gallery CSS BEG --><style id=\"style-621\">\t\tul.slideshow621 { list-style:none !important; color:#fff; }\r\n\t\tul.slideshow621 span { display:none; }\r\n\t\t#slideshow-wrapper621 { overflow:hidden; position:relative; width:530px; background:#000000; padding:0 0 0 0; border:1px solid #CCCCCC; margin:0; display:none; }\r\n\t\t#slideshow-wrapper621 * { margin:0; padding:0; }\r\n\t\t#slideshow-wrapper621 #fullsize621 { position:relative; z-index:1; overflow:hidden; width:530px; height:280px; clear:both; border: none; }\r\n\t\t#slideshow-wrapper621 #information621 { text-align:left; font-family:Verdana, Arial, Helvetica, sans-serif !important; position:absolute; bottom:0; width:530px; height:0; background:#000000; color:#FFFFFF; overflow:hidden; z-index:300; opacity:.7; filter:alpha(opacity=70); }\r\n\t\t#slideshow-wrapper621 #information621 h3 { color:#FFFFFF; padding:4px 8px 3px; margin:0 !important; font-size:16px; font-weight:bold; }\r\n\t\t#slideshow-wrapper621 #information621 a { color:#FFFFFF; }\r\n\t\t#slideshow-wrapper621 #information621 p { color:#FFFFFF; padding:0 8px 8px; margin:0 !important; font-size: 14px; font-weight:normal; }\r\n\t\t#slideshow-wrapper621 .infotop { margin-bottom:8px !important; top:0; }\r\n\t\t#slideshow-wrapper621 .infobottom { margin-top:8px !important; bottom:0; }\r\n\t\t\t\t\t#slideshow-wrapper621 #image621 { width:530px; }\r\n\t\t\t#slideshow-wrapper621 #image621 img { border:none; border-radius:0; box-shadow:none; position:absolute; left:0%; right:0%; max-height:100%; max-width:100%; margin:0 auto; display:block; }\r\n\t\t\t\t#slideshow-wrapper621 .imgnav { position:absolute; width:25%; height:100%; cursor:pointer; z-index:250; }\r\n\t\t#slideshow-wrapper621 #imgprev621:before { font-family:FontAwesome; content:\"\\f053\"; font-size:30px; color:white; visibility:visible; left:0; text-align:left; width: auto; height:auto; line-height:160%; top:50%; margin:-30px 0 0 0; border-radius:0 10px 10px 0; background:black; padding:3px 10px 0 10px; position: absolute; display: inline-block; \t}\r\n\t\t#slideshow-wrapper621 #imgprev621 { display:none; -moz-user-select: none; -khtml-user-select: none; -webkit-user-select: none; -o-user-select: none; left:0; font-size:0px; }\r\n\t\t#slideshow-wrapper621 #imgnext621:before { font-family:FontAwesome; content:\"\\f054\"; font-size:30px; color:white; visibility:visible; right:0; text-align:right; width: auto; height:auto; line-height:160%; top:50%; margin:-30px 0 0 0; border-radius:10px 0 0 10px; background:black; padding:3px 10px 0 10px; position: absolute; display: inline-block; }\r\n\t\t#slideshow-wrapper621 #imgnext621 { display:none; -moz-user-select: none; -khtml-user-select: none; -webkit-user-select: none; -o-user-select: none; right:0; font-size:0px; }\r\n\t\t#slideshow-wrapper621 #imglink621 { position:absolute; zoom:1; background-color:#ffffff; height:100%; width:100%; left:0; z-index:149; opacity:0; filter:alpha(opacity=0); }\r\n\t\t#slideshow-wrapper621 .linkhover:before { font-family:FontAwesome; content:\"\\f14c\"; font-size:30px; text-align:center; height:auto; line-height:160%; width:auto; top:50%; left:auto; right:auto; margin:-30px 0 0 0; padding:0px 12px; display: inline-block; position: relative; background:black; color:white; border-radius:10px; }\r\n\t\t#slideshow-wrapper621 .linkhover { background:transparent !important; opacity:.4 !important; filter:alpha(opacity=40) !important; text-align:center; font-size:0px; }\r\n\t\t#slideshow-wrapper621 #thumbnails621 { background:#000000; }\r\n\t\t#slideshow-wrapper621 .thumbstop { margin-bottom:8px !important; }\r\n\t\t#slideshow-wrapper621 .thumbsbot { margin-top:8px !important; }\r\n\t\t#slideshow-wrapper621 #slideleft621:before { font-family:FontAwesome; content: \"\\f104\"; color:#999; position: absolute; height: auto; line-height:160%; width: auto; display: inline-block; top: 50%; font-size: 30px; margin: -30px 0 0 0; padding: 0 5px; }\r\n\t\t#slideshow-wrapper621 #slideleft621 { text-align:left; float:left; position:relative; width:20px; height:89px; background:#222; }\r\n\t\t#slideshow-wrapper621 #slideleft621:hover { background-color:#333; }\r\n\t\t#slideshow-wrapper621 #slideright621:before { font-family:FontAwesome; content: \"\\f105\"; color:#999; position: absolute; height: auto; line-height:160%; width: auto; display: inline-block; top: 50%; font-size: 30px; margin: -30px 0 0 0; padding: 0 5px; }\r\n\t\t#slideshow-wrapper621 #slideright621 { text-align:left; float:right; position:relative; width:20px; height:89px; background:#222; }\r\n\t\t#slideshow-wrapper621 #slideright621:hover { background-color:#333; }\r\n\t\t#slideshow-wrapper621 #slidearea621 { float:left; position:relative; background:#000000; width:475px; margin:0 5px; height:89px; overflow:hidden; }\r\n\t\t#slideshow-wrapper621 #slider621 { position:absolute; width:5277px !important; left:0; height:89px; }\r\n\t\t#slideshow-wrapper621 #slider621 img { width:100px; height:75px; cursor:pointer; border:1px solid #666; padding:2px; float:left !important; }\r\n\t\t#slideshow-wrapper621 #spinner621 { position:relative; top:50%; left:45%; text-align:left; font-size:30px; }\t\r\n\t\t#slideshow-wrapper621 #spinner621 img { border:none; }\r\n\t\t \r\n\t\t@media (max-width:480px) { \t.slideshow-information { display: none !important; } }\r\n\t\t\t\t \r\n\t\t@media (max-width:480px) { \t.slideshow-thumbnails { display: none !important; } }\r\n\t\t\t<\/style><!-- Slideshow Gallery CSS END --><br \/>\nKunstprojekt an der Turnhalle Freiburg-Haslach mit den Sch\u00fcler der Pestalozzischulen im Jahr 2009.<\/p>\n<h2>Vorwort<\/h2>\n<p>1.Vorwort<br \/>\nAls ich noch in der Klasse 5a war, haben meine Klassenkameradinnen und ich am Malprojekt teilgenommen. Das war toll, aber schade, dass es jetzt vorbei ist =(.<\/p>\n<p>Lene Gimbel, Klasse 6a<\/p>\n<p>2.Vorwort<br \/>\nAuch ich habe an dem Projekt teilgenommen. Das Malen hat sehr viel Spa\u00df gemacht, leider haben wir nicht alle Ideen ganz zu Ende gemacht. Ich w\u00fcrde mich freuen, wenn wir es doch noch fertig malen. Bis dahin muss ich das noch nicht fertige Gem\u00e4lde bewundern!<\/p>\n<p>Sarah Driller, Klasse 6a<br \/>\n3.Vorwort<br \/>\nDie Kinder haben sehr viel Spa\u00df gehabt und ich wollte als Lehrer auch Spa\u00df haben! Aus diesem Grunde habe ich das gr\u00f6\u00dfte Wandgem\u00e4lde in Haslach mit ganzem Herzen unterst\u00fctzt.<\/p>\n<p>Ganz besonders freut mich der Anblick des Hasen auf dem bunten Wiesenbild. Als Schmuck schaut der Hase seit Erbauung unserer Schule \u00fcber unserem Haupteingang seit einhundert Jahren ebenfalls auf unsere Haslacher Hasensch\u00fcler t\u00e4glich herunter. Wer geht da nicht gern in eine Hasenschule!<\/p>\n<p>Klaus Rotzinger,<br \/>\nReal(hasen)schullehrer<\/p>\n<h2>Ideen &amp; Thema<\/h2>\n<p>Am 15. Mai 2009 kamen alle Interessierten zusammen, um gemeinsam ein Thema f\u00fcr das Gem\u00e4lde zu finden. Nach zwei Stunden, etwa 50 Vorschl\u00e4gen und vielen lustigen Momenten ging der kreative und entspannte Nachmittag vorbei.<\/p>\n<h2>Bemalung<\/h2>\n<p>Vor der Bemalung stand noch der Feinentwurf an, f\u00fcr den die K\u00fcnstler die W\u00fcnsche im Detail skizzierten. Die vielen Ideen machten es leicht, ein Gesamtkonzept zu entwickeln.<br \/>\nDie Sch\u00fcler bemalten den unteren Teil des Gem\u00e4ldes und die K\u00fcnstler den oberen auf dem Ger\u00fcst.<br \/>\nDie Kinder entwarfen und skizzierten ihre Motive selbst\u00e4ndig.<\/p>\n<p>Zun\u00e4chst auf Papier und in einem weiteren Schritt \u00fcbertrugen sie ihre Skizzen auf die Wand und bemalten diese anschlie\u00dfend farbig. Die Themen wurden je nach Schwierigkeitsgrad den Alterstufen zugeordnet. Praktikanten und einige Eltern \u00fcbernahmen dabei die Betreuung der Sch\u00fcler, die an zwei Nachmittagen pro Woche zum Malen kamen. Anfangs wurden diese durch die K\u00fcnstler beraten und jeden Freitag gab es eine Projektbesprechung f\u00fcr offene Fragen.<\/p>\n<h2>Abschlussfeier<\/h2>\n<p>Die Abschlussfeier fand mit den K\u00fcnstlern, Sch\u00fclern und Eltern sowie Klassenlehrer\u00a0am Freitag 16.10.09 um 17 Uhr statt.<br \/>\nDie Presse hat diese Termin wahrgenommen, ansonsten war diese Feier nur f\u00fcr Beteiligte und deren Angeh\u00f6rigen.<\/p>\n<p>Die \u00f6ffentliche Begehung fand nach der Abschlussfeier um 18 Uhr statt. Die \u00d6ffentlichkeit nutzte dabei die M\u00f6glichkeit das Gem\u00e4lde zu besichtigen. Einige K\u00fcnstler waren dabei vor Ort.<\/p>\n<p>Die beteiligten K\u00fcnstler machten anschlie\u00dfend am gleichen Tag eine Feier. W\u00e4hrend der Feier gab es eine Abschlussbesprechung des Projekts unter den K\u00fcnstlern.<\/p>\n<h2>Danksagung<\/h2>\n<h3>Vielen Dank dem Initiator, &#8230;<\/h3>\n<p>Klaus Rotzinger<\/p>\n<h3>K\u00fcnstlern<\/h3>\n<p>Ebi Eilber, Maren Sch\u00fctt, Thomas Boehler, Andrea Knop, Helmut Birkenmeyer, Sarah Pohl, Pia Knappe und Volker Schnieber.<\/p>\n<h3>Unterst\u00fctzern<\/h3>\n<p>Karlheinz Wissmann, Maren Stohrer, Ana Menezes, Martina, Lea Ri\u00dfe, Stephanie Kull, Caroline Karlin, Cornelia Schwarz, Lea Ley, Andrea Schnier, Claudia Klein und Nicole Kemper.<\/p>\n<h3>Eltern<\/h3>\n<p>Sabine Polei, Stephanie Krasniqi, Regina Sch\u00e4fholz, Rolf Wagner und Michaela Asal.<\/p>\n<h3>Sch\u00fclern<\/h3>\n<p>Bente Polei, \u0160aric Neboj\u0161a, Tim Herold, Ann-Kathrin Hug, Dominik Schwarz, Fides Karamahmutglu, Michelle Stein, Klara Sch\u00f6ffler, Cem Zengin, Lene Gimbel, Benjamin Musaj, Marvin Sch\u00e4fholz, Semih T\u00fcten, Kristina Jung, Natalia Dabrowska, Sarah Driller, Rino Zepf, Mohamed-Ali Hodroj, Manuel Wagner, Culha C\u00fcneyt, Asal Vanessa und Tim Sajko.<\/p>\n<h3>Sponsoren<\/h3>\n<p>Maler Hr. Ries f\u00fcr das Ger\u00fcst.<\/p>\n<h2>Ort und Besichtigung<\/h2>\n<p>Sie k\u00f6nnen jederzeit das Gem\u00e4lde besichtigen. Wenn Sie Fragen, Kommentare oder Anregungen haben w\u00fcrden wir uns freuen, wenn Sie sich bei uns melden.<\/p>\n<p>Das fast 100 qm gro\u00dfe Gem\u00e4lde befindet sich an der R\u00fcckseite der Pestalozzi Turnhalle. Die Turnhalle befindet sich hinter dem Hauptgeb\u00e4ude der Pestalozzischulen auf der Staufener Str. 3 im Stadtteil Haslach in Freiburg.<\/p>\n","protected":false},"excerpt":{"rendered":"<p>Kunstprojekt an der Turnhalle Freiburg-Haslach mit den Sch\u00fcler der Pestalozzischulen im Jahr 2009. Vorwort 1.Vorwort Als ich noch in der Klasse 5a war, haben meine Klassenkameradinnen und ich am Malprojekt teilgenommen. Das war toll, aber schade, dass es jetzt vorbei ist =(. Lene Gimbel, Klasse 6a 2.Vorwort Auch ich habe an dem Projekt teilgenommen. Das [&hellip;]<\/p>\n","protected":false},"author":2,"featured_media":0,"parent":49,"menu_order":10,"comment_status":"open","ping_status":"open","template":"","meta":[],"_links":{"self":[{"href":"http:\/\/www.achtung-frisch-gestrichen.de\/index.php?rest_route=\/wp\/v2\/pages\/621"}],"collection":[{"href":"http:\/\/www.achtung-frisch-gestrichen.de\/index.php?rest_route=\/wp\/v2\/pages"}],"about":[{"href":"http:\/\/www.achtung-frisch-gestrichen.de\/index.php?rest_route=\/wp\/v2\/types\/page"}],"author":[{"embeddable":true,"href":"http:\/\/www.achtung-frisch-gestrichen.de\/index.php?rest_route=\/wp\/v2\/users\/2"}],"replies":[{"embeddable":true,"href":"http:\/\/www.achtung-frisch-gestrichen.de\/index.php?rest_route=%2Fwp%2Fv2%2Fcomments&post=621"}],"version-history":[{"count":0,"href":"http:\/\/www.achtung-frisch-gestrichen.de\/index.php?rest_route=\/wp\/v2\/pages\/621\/revisions"}],"up":[{"embeddable":true,"href":"http:\/\/www.achtung-frisch-gestrichen.de\/index.php?rest_route=\/wp\/v2\/pages\/49"}],"wp:attachment":[{"href":"http:\/\/www.achtung-frisch-gestrichen.de\/index.php?rest_route=%2Fwp%2Fv2%2Fmedia&parent=621"}],"curies":[{"name":"wp","href":"https:\/\/api.w.org\/{rel}","templated":true}]}}